{"id":1543,"date":"2021-06-20T08:44:26","date_gmt":"2021-06-20T08:44:26","guid":{"rendered":"http:\/\/orchestre-vibraccord.fr\/?page_id=1543"},"modified":"2025-12-05T15:08:47","modified_gmt":"2025-12-05T15:08:47","slug":"results","status":"publish","type":"page","link":"https:\/\/orchestre-vibraccord.fr\/?page_id=1543","title":{"rendered":"Vid\u00e9os"},"content":{"rendered":"\n<div class=\"wp-block-cover alignfull\"><img loading=\"lazy\" decoding=\"async\" width=\"2560\" height=\"1706\" class=\"wp-block-cover__image-background wp-image-1709\" alt=\"\" src=\"http:\/\/orchestre-vibraccord.fr\/wp-content\/uploads\/2021\/08\/DSC4955-scaled.jpg\" data-object-fit=\"cover\" srcset=\"https:\/\/orchestre-vibraccord.fr\/wp-content\/uploads\/2021\/08\/DSC4955-scaled.jpg 2560w, https:\/\/orchestre-vibraccord.fr\/wp-content\/uploads\/2021\/08\/DSC4955-300x200.jpg 300w, https:\/\/orchestre-vibraccord.fr\/wp-content\/uploads\/2021\/08\/DSC4955-1024x683.jpg 1024w, https:\/\/orchestre-vibraccord.fr\/wp-content\/uploads\/2021\/08\/DSC4955-768x512.jpg 768w, https:\/\/orchestre-vibraccord.fr\/wp-content\/uploads\/2021\/08\/DSC4955-1536x1024.jpg 1536w, https:\/\/orchestre-vibraccord.fr\/wp-content\/uploads\/2021\/08\/DSC4955-2048x1365.jpg 2048w\" sizes=\"auto, (max-width: 2560px) 100vw, 2560px\" \/><span aria-hidden=\"true\" class=\"wp-block-cover__background has-background-dim\" style=\"background-color:#000000\"><\/span><div class=\"wp-block-cover__inner-container is-layout-flow wp-block-cover-is-layout-flow\">\n<h1 class=\"wp-block-heading alignwide has-text-color\" style=\"color:#ffffff\">Vid\u00e9os<\/h1>\n<\/div><\/div>\n\n\n\n<div class=\"wp-block-group alignfull has-background is-layout-flow wp-block-group-is-layout-flow\" style=\"background-color:#f7f7f7\">\n<h3 class=\"wp-block-heading has-text-align-center has-text-color\" style=\"color:#981e25\"><mark style=\"background-color:rgba(0, 0, 0, 0);color:#a30d00\" class=\"has-inline-color\">Extraits des concerts de 20<\/mark>25<\/h3>\n\n\n\n<h2 class=\"wp-block-heading has-text-align-center\">15 Juin 2025<\/h2>\n\n\n\n<h2 class=\"wp-block-heading has-text-align-center\" style=\"font-size:66px\">Concert \u00e0 l&rsquo;Eglise de Marans<\/h2>\n\n\n\n<figure class=\"wp-block-embed is-type-video is-provider-youtube wp-block-embed-youtube wp-embed-aspect-16-9 wp-has-aspect-ratio\"><div class=\"wp-block-embed__wrapper\">\n<iframe loading=\"lazy\" title=\"Bol d&#039;\u00e9nergie et de joie! Vibr&#039;Accord et 1001 notes \u00e0 Marans\" width=\"500\" height=\"281\" src=\"https:\/\/www.youtube.com\/embed\/a0i5cQh_0k8?feature=oembed\" frameborder=\"0\" allow=\"accelerometer; autoplay; clipboard-write; encrypted-media; gyroscope; picture-in-picture; web-share\" referrerpolicy=\"strict-origin-when-cross-origin\" allowfullscreen><\/iframe>\n<\/div><\/figure>\n\n\n\n<h2 class=\"wp-block-heading has-text-align-center\" style=\"font-size:66px\">Les voeux de Vibr&rsquo;Accord  <\/h2>\n\n\n\n<figure class=\"wp-block-embed is-type-video is-provider-youtube wp-block-embed-youtube wp-embed-aspect-16-9 wp-has-aspect-ratio\"><div class=\"wp-block-embed__wrapper\">\n<iframe loading=\"lazy\" title=\"Voeux de Vibr&#039;Accord 2025\" width=\"500\" height=\"281\" src=\"https:\/\/www.youtube.com\/embed\/l1Ules3e6h8?feature=oembed\" frameborder=\"0\" allow=\"accelerometer; autoplay; clipboard-write; encrypted-media; gyroscope; picture-in-picture; web-share\" referrerpolicy=\"strict-origin-when-cross-origin\" allowfullscreen><\/iframe>\n<\/div><\/figure>\n\n\n\n<h3 class=\"wp-block-heading has-text-align-center has-text-color\" style=\"color:#981e25\"><mark style=\"background-color:rgba(0, 0, 0, 0);color:#a30d00\" class=\"has-inline-color\">Extraits des concerts de 20<\/mark>24<\/h3>\n\n\n\n<h2 class=\"wp-block-heading has-text-align-center\">2 Juin 2024<\/h2>\n\n\n\n<h2 class=\"wp-block-heading has-text-align-center\" style=\"font-size:66px\">Concert \u00e0 l&rsquo;Eglise de Marsilly<\/h2>\n\n\n\n<figure class=\"wp-block-embed is-type-video is-provider-youtube wp-block-embed-youtube wp-embed-aspect-16-9 wp-has-aspect-ratio\"><div class=\"wp-block-embed__wrapper\">\n<iframe loading=\"lazy\" title=\"Concert de Marsilly du 2 juin 2024, extraits en 13 minutes porte bonheur\" width=\"500\" height=\"281\" src=\"https:\/\/www.youtube.com\/embed\/YOltQy0kV9I?feature=oembed\" frameborder=\"0\" allow=\"accelerometer; autoplay; clipboard-write; encrypted-media; gyroscope; picture-in-picture; web-share\" referrerpolicy=\"strict-origin-when-cross-origin\" allowfullscreen><\/iframe>\n<\/div><\/figure>\n\n\n\n<figure class=\"wp-block-embed is-type-video is-provider-youtube wp-block-embed-youtube wp-embed-aspect-16-9 wp-has-aspect-ratio\"><div class=\"wp-block-embed__wrapper\">\n<iframe loading=\"lazy\" title=\"Tango de Roxane - Eglise de Marsilly 2 juin 2024\" width=\"500\" height=\"281\" src=\"https:\/\/www.youtube.com\/embed\/fDS3jk97yXA?feature=oembed\" frameborder=\"0\" allow=\"accelerometer; autoplay; clipboard-write; encrypted-media; gyroscope; picture-in-picture; web-share\" referrerpolicy=\"strict-origin-when-cross-origin\" allowfullscreen><\/iframe>\n<\/div><\/figure>\n\n\n\n<h2 class=\"wp-block-heading has-text-align-center\">Janvier 2024<\/h2>\n\n\n\n<h2 class=\"wp-block-heading has-text-align-center\" style=\"font-size:66px\">Les voeux de Vibr&rsquo;Accord  <\/h2>\n\n\n\n<figure class=\"wp-block-embed is-type-video is-provider-youtube wp-block-embed-youtube wp-embed-aspect-16-9 wp-has-aspect-ratio\"><div class=\"wp-block-embed__wrapper\">\n<iframe loading=\"lazy\" title=\"Les Voeux de Vibr&#039;Accord 2024\" width=\"500\" height=\"281\" src=\"https:\/\/www.youtube.com\/embed\/abCNJndq7LY?feature=oembed\" frameborder=\"0\" allow=\"accelerometer; autoplay; clipboard-write; encrypted-media; gyroscope; picture-in-picture; web-share\" referrerpolicy=\"strict-origin-when-cross-origin\" allowfullscreen><\/iframe>\n<\/div><\/figure>\n\n\n\n<h3 class=\"wp-block-heading has-text-align-center has-text-color\" style=\"color:#981e25\"><mark style=\"background-color:rgba(0, 0, 0, 0);color:#a30d00\" class=\"has-inline-color\">Extraits des concerts de 20<\/mark>23<\/h3>\n\n\n\n<h2 class=\"wp-block-heading has-text-align-center\">21 juin 2023<\/h2>\n\n\n\n<h2 class=\"wp-block-heading has-text-align-center\" style=\"font-size:66px\">Concert \u00e0 l&rsquo;Eglise Notre Dame de La Rochelle<\/h2>\n\n\n\n<figure class=\"wp-block-embed is-type-video is-provider-youtube wp-block-embed-youtube wp-embed-aspect-16-9 wp-has-aspect-ratio\"><div class=\"wp-block-embed__wrapper\">\n<iframe loading=\"lazy\" title=\"Rusalka de Dvorak - Notre Dame de La Rochelle 21 juin 2023\" width=\"500\" height=\"281\" src=\"https:\/\/www.youtube.com\/embed\/aIw7CkA66po?feature=oembed\" frameborder=\"0\" allow=\"accelerometer; autoplay; clipboard-write; encrypted-media; gyroscope; picture-in-picture; web-share\" referrerpolicy=\"strict-origin-when-cross-origin\" allowfullscreen><\/iframe>\n<\/div><\/figure>\n\n\n\n<figure class=\"wp-block-embed is-type-video is-provider-youtube wp-block-embed-youtube wp-embed-aspect-16-9 wp-has-aspect-ratio\"><div class=\"wp-block-embed__wrapper\">\n<iframe loading=\"lazy\" title=\"Victory - Notre Dame de La Rochelle 21 juin 2023\" width=\"500\" height=\"281\" src=\"https:\/\/www.youtube.com\/embed\/vkRvgdFnZyA?feature=oembed\" frameborder=\"0\" allow=\"accelerometer; autoplay; clipboard-write; encrypted-media; gyroscope; picture-in-picture; web-share\" referrerpolicy=\"strict-origin-when-cross-origin\" allowfullscreen><\/iframe>\n<\/div><\/figure>\n\n\n\n<figure class=\"wp-block-embed is-type-video is-provider-youtube wp-block-embed-youtube wp-embed-aspect-16-9 wp-has-aspect-ratio\"><div class=\"wp-block-embed__wrapper\">\n<iframe loading=\"lazy\" title=\"Hernandos Hideaway - Notre Dame de La Rochelle 21 juin 2023\" width=\"500\" height=\"281\" src=\"https:\/\/www.youtube.com\/embed\/0ng9AqiIEbQ?feature=oembed\" frameborder=\"0\" allow=\"accelerometer; autoplay; clipboard-write; encrypted-media; gyroscope; picture-in-picture; web-share\" referrerpolicy=\"strict-origin-when-cross-origin\" allowfullscreen><\/iframe>\n<\/div><\/figure>\n\n\n\n<h2 class=\"wp-block-heading has-text-align-center\">14 Mai 2023<\/h2>\n\n\n\n<h2 class=\"wp-block-heading has-text-align-center\" style=\"font-size:66px\">Concert \u00e0 L&rsquo;Eglise St Pierre de Marsilly<\/h2>\n\n\n\n<figure class=\"wp-block-embed is-type-video is-provider-youtube wp-block-embed-youtube wp-embed-aspect-16-9 wp-has-aspect-ratio\"><div class=\"wp-block-embed__wrapper\">\n<iframe loading=\"lazy\" title=\"La Comparsita - Marsilly 14 mai 2023\" width=\"500\" height=\"281\" src=\"https:\/\/www.youtube.com\/embed\/cF3c8s7AxvU?feature=oembed\" frameborder=\"0\" allow=\"accelerometer; autoplay; clipboard-write; encrypted-media; gyroscope; picture-in-picture; web-share\" referrerpolicy=\"strict-origin-when-cross-origin\" allowfullscreen><\/iframe>\n<\/div><\/figure>\n\n\n\n<figure class=\"wp-block-embed is-type-video is-provider-youtube wp-block-embed-youtube wp-embed-aspect-16-9 wp-has-aspect-ratio\"><div class=\"wp-block-embed__wrapper\">\n<iframe loading=\"lazy\" title=\"Vivaldi Concerto en la m pour 2 violons 2\u00e8 mvt - Marsilly 14 mai 2023\" width=\"500\" height=\"281\" src=\"https:\/\/www.youtube.com\/embed\/VnB6SxWtYxE?feature=oembed\" frameborder=\"0\" allow=\"accelerometer; autoplay; clipboard-write; encrypted-media; gyroscope; picture-in-picture; web-share\" referrerpolicy=\"strict-origin-when-cross-origin\" allowfullscreen><\/iframe>\n<\/div><\/figure>\n\n\n\n<figure class=\"wp-block-embed is-type-video is-provider-youtube wp-block-embed-youtube wp-embed-aspect-16-9 wp-has-aspect-ratio\"><div class=\"wp-block-embed__wrapper\">\n<iframe loading=\"lazy\" title=\"Mna Na Heireann - Marsilly 14 mai 2023\" width=\"500\" height=\"281\" src=\"https:\/\/www.youtube.com\/embed\/nHjFz1QDq70?feature=oembed\" frameborder=\"0\" allow=\"accelerometer; autoplay; clipboard-write; encrypted-media; gyroscope; picture-in-picture; web-share\" referrerpolicy=\"strict-origin-when-cross-origin\" allowfullscreen><\/iframe>\n<\/div><\/figure>\n\n\n\n<h2 class=\"wp-block-heading has-text-align-center\">19 Mars 2023<\/h2>\n\n\n\n<h2 class=\"wp-block-heading has-text-align-center\" style=\"font-size:66px\">Concert \u00e0 l&rsquo;Eglise de Fouras <\/h2>\n\n\n\n<figure class=\"wp-block-embed is-type-video is-provider-youtube wp-block-embed-youtube wp-embed-aspect-16-9 wp-has-aspect-ratio\"><div class=\"wp-block-embed__wrapper\">\n<iframe loading=\"lazy\" title=\"Vivaldi concerto en la m pour deux violons - 1er mvt\" width=\"500\" height=\"281\" src=\"https:\/\/www.youtube.com\/embed\/hbgKrt1qJ4E?feature=oembed\" frameborder=\"0\" allow=\"accelerometer; autoplay; clipboard-write; encrypted-media; gyroscope; picture-in-picture; web-share\" referrerpolicy=\"strict-origin-when-cross-origin\" allowfullscreen><\/iframe>\n<\/div><\/figure>\n\n\n\n<figure class=\"wp-block-embed is-type-video is-provider-youtube wp-block-embed-youtube wp-embed-aspect-16-9 wp-has-aspect-ratio\"><div class=\"wp-block-embed__wrapper\">\n<iframe loading=\"lazy\" title=\"Misirlou\" width=\"500\" height=\"281\" src=\"https:\/\/www.youtube.com\/embed\/kzRNt72icXw?feature=oembed\" frameborder=\"0\" allow=\"accelerometer; autoplay; clipboard-write; encrypted-media; gyroscope; picture-in-picture; web-share\" referrerpolicy=\"strict-origin-when-cross-origin\" allowfullscreen><\/iframe>\n<\/div><\/figure>\n\n\n\n<h2 class=\"wp-block-heading has-text-align-center\">Janvier 2023<\/h2>\n\n\n\n<h2 class=\"wp-block-heading has-text-align-center\" style=\"font-size:66px\">Les voeux de Vibr&rsquo;Accord  <\/h2>\n<\/div>\n\n\n\n<figure class=\"wp-block-embed is-type-video is-provider-youtube wp-block-embed-youtube wp-embed-aspect-16-9 wp-has-aspect-ratio\"><div class=\"wp-block-embed__wrapper\">\n<iframe loading=\"lazy\" title=\"Orchestre Vibr&#039;Accord- Voeux 2023\" width=\"500\" height=\"281\" src=\"https:\/\/www.youtube.com\/embed\/FRCwu8G9a8E?feature=oembed\" frameborder=\"0\" allow=\"accelerometer; autoplay; clipboard-write; encrypted-media; gyroscope; picture-in-picture; web-share\" referrerpolicy=\"strict-origin-when-cross-origin\" allowfullscreen><\/iframe>\n<\/div><\/figure>\n\n\n\n<div class=\"wp-block-group alignfull has-black-color has-text-color has-background is-layout-flow wp-block-group-is-layout-flow\" id=\"Concert-St-Pierre\" style=\"background-color:#f7f7f7\">\n<h3 class=\"wp-block-heading has-text-align-center has-text-color\" style=\"color:#981e25\"><mark style=\"background-color:rgba(0, 0, 0, 0);color:#a30d00\" class=\"has-inline-color\">Extraits des concerts de 20<\/mark>22<\/h3>\n\n\n\n<h2 class=\"wp-block-heading has-text-align-center\">2 juillet 2022<\/h2>\n\n\n\n<h2 class=\"wp-block-heading has-text-align-center\" id=\"video-eden\" style=\"font-size:66px\">Concert \u00e0 l&rsquo;Eglise Saint Pierre de Marsilly (17)<\/h2>\n<\/div>\n\n\n\n<figure class=\"wp-block-embed is-type-video is-provider-youtube wp-block-embed-youtube wp-embed-aspect-16-9 wp-has-aspect-ratio\"><div class=\"wp-block-embed__wrapper\">\n<iframe loading=\"lazy\" title=\"Mna Na Heireann - Eglise de Marsilly 2 juillet 2022\" width=\"500\" height=\"281\" src=\"https:\/\/www.youtube.com\/embed\/ML2NXhhg41A?feature=oembed\" frameborder=\"0\" allow=\"accelerometer; autoplay; clipboard-write; encrypted-media; gyroscope; picture-in-picture; web-share\" referrerpolicy=\"strict-origin-when-cross-origin\" allowfullscreen><\/iframe>\n<\/div><\/figure>\n\n\n\n<figure class=\"wp-block-embed is-type-video is-provider-youtube wp-block-embed-youtube wp-embed-aspect-16-9 wp-has-aspect-ratio\"><div class=\"wp-block-embed__wrapper\">\n<iframe loading=\"lazy\" title=\"Ave Maria de Caccini-Eglise de Marsilly 2 juillet 2022\" width=\"500\" height=\"281\" src=\"https:\/\/www.youtube.com\/embed\/rOebKZQY6oo?feature=oembed\" frameborder=\"0\" allow=\"accelerometer; autoplay; clipboard-write; encrypted-media; gyroscope; picture-in-picture; web-share\" referrerpolicy=\"strict-origin-when-cross-origin\" allowfullscreen><\/iframe>\n<\/div><\/figure>\n\n\n\n<figure class=\"wp-block-embed is-type-video is-provider-youtube wp-block-embed-youtube wp-embed-aspect-16-9 wp-has-aspect-ratio\"><div class=\"wp-block-embed__wrapper\">\n<iframe loading=\"lazy\" title=\"Chi Mai - Le Professionnel - Eglise de Marsilly 2 juillet 2022\" width=\"500\" height=\"281\" src=\"https:\/\/www.youtube.com\/embed\/CJCgzFXbuG8?feature=oembed\" frameborder=\"0\" allow=\"accelerometer; autoplay; clipboard-write; encrypted-media; gyroscope; picture-in-picture; web-share\" referrerpolicy=\"strict-origin-when-cross-origin\" allowfullscreen><\/iframe>\n<\/div><\/figure>\n\n\n\n<figure class=\"wp-block-embed is-type-video is-provider-youtube wp-block-embed-youtube wp-embed-aspect-16-9 wp-has-aspect-ratio\"><div class=\"wp-block-embed__wrapper\">\n<iframe loading=\"lazy\" title=\"Give us hope de Jim Papoulis - Eglise de Marsilly 2 juillet 2022\" width=\"500\" height=\"281\" src=\"https:\/\/www.youtube.com\/embed\/8c2Kw7KMPKw?feature=oembed\" frameborder=\"0\" allow=\"accelerometer; autoplay; clipboard-write; encrypted-media; gyroscope; picture-in-picture; web-share\" referrerpolicy=\"strict-origin-when-cross-origin\" allowfullscreen><\/iframe>\n<\/div><\/figure>\n\n\n\n<div class=\"wp-block-group alignfull has-black-color has-text-color has-background is-layout-flow wp-block-group-is-layout-flow\" id=\"Concert-ND\" style=\"background-color:#f7f7f7\">\n<h2 class=\"wp-block-heading has-text-align-center\">21 juin 2022<\/h2>\n\n\n\n<h2 class=\"wp-block-heading has-text-align-center\" id=\"video-eden\" style=\"font-size:66px\">Concert \u00e0 l&rsquo;Eglise Notre Dame de La Rochelle<\/h2>\n\n\n\n<h3 class=\"wp-block-heading has-text-align-center has-text-color\" id=\"Agora\" style=\"color:#981e25\">Pour la f\u00eate de la musique <\/h3>\n\n\n\n<h3 class=\"wp-block-heading has-text-align-center has-text-color\" style=\"color:#981e25\"><mark style=\"background-color:rgba(0, 0, 0, 0);color:#a30d00\" class=\"has-inline-color\">et les victimes de la guerre en Ukraine<\/mark><\/h3>\n<\/div>\n\n\n\n<figure class=\"wp-block-embed is-type-video is-provider-youtube wp-block-embed-youtube wp-embed-aspect-16-9 wp-has-aspect-ratio\"><div class=\"wp-block-embed__wrapper\">\n<iframe loading=\"lazy\" title=\"Baba Yetu - F\u00eate de la musique 2022 - Eglise Notre Dame de La Rochelle\" width=\"500\" height=\"281\" src=\"https:\/\/www.youtube.com\/embed\/UhF4_40-FvE?feature=oembed\" frameborder=\"0\" allow=\"accelerometer; autoplay; clipboard-write; encrypted-media; gyroscope; picture-in-picture; web-share\" referrerpolicy=\"strict-origin-when-cross-origin\" allowfullscreen><\/iframe>\n<\/div><\/figure>\n\n\n\n<figure class=\"wp-block-embed is-type-video is-provider-youtube wp-block-embed-youtube wp-embed-aspect-16-9 wp-has-aspect-ratio\"><div class=\"wp-block-embed__wrapper\">\n<iframe loading=\"lazy\" title=\"Give us hope - F\u00eate de la musique 2022 - Eglise Notre Dame de La Rochelle\" width=\"500\" height=\"281\" src=\"https:\/\/www.youtube.com\/embed\/t6_wOji9BVs?feature=oembed\" frameborder=\"0\" allow=\"accelerometer; autoplay; clipboard-write; encrypted-media; gyroscope; picture-in-picture; web-share\" referrerpolicy=\"strict-origin-when-cross-origin\" allowfullscreen><\/iframe>\n<\/div><\/figure>\n\n\n\n<figure class=\"wp-block-embed is-type-video is-provider-youtube wp-block-embed-youtube wp-embed-aspect-16-9 wp-has-aspect-ratio\"><div class=\"wp-block-embed__wrapper\">\n<iframe loading=\"lazy\" title=\"Hallelujah de L. Cohen - F\u00eate de la musique 2022 - Eglise Notre Dame de La Rochelle\" width=\"500\" height=\"281\" src=\"https:\/\/www.youtube.com\/embed\/k7GmbVO4N20?feature=oembed\" frameborder=\"0\" allow=\"accelerometer; autoplay; clipboard-write; encrypted-media; gyroscope; picture-in-picture; web-share\" referrerpolicy=\"strict-origin-when-cross-origin\" allowfullscreen><\/iframe>\n<\/div><\/figure>\n\n\n\n<div class=\"wp-block-group alignfull has-black-color has-text-color has-background is-layout-flow wp-block-group-is-layout-flow\" id=\"Concert-Eden\" style=\"background-color:#f7f7f7\">\n<h2 class=\"wp-block-heading has-text-align-center\">13 mars 2022<\/h2>\n\n\n\n<h2 class=\"wp-block-heading has-text-align-center\" id=\"video-eden\" style=\"font-size:66px\">Concert \u00e0 l&rsquo;Agora de Saint Xandre  <\/h2>\n\n\n\n<h3 class=\"wp-block-heading has-text-align-center has-text-color\" id=\"Agora\" style=\"color:#981e25\"><mark style=\"background-color:rgba(0, 0, 0, 0);color:#a30d00\" class=\"has-inline-color\">Concert au profit de l&rsquo;association Planning-Chat <\/mark><\/h3>\n\n\n\n<h3 class=\"wp-block-heading has-text-align-center has-text-color\" style=\"color:#981e25\"><mark style=\"background-color:rgba(0, 0, 0, 0);color:#a30d00\" class=\"has-inline-color\">et d\u00e9di\u00e9 aux victimes de la guerre en Ukraine<\/mark><\/h3>\n<\/div>\n\n\n\n<h2 class=\"wp-block-heading alignfull has-text-align-center\">Nuit en Orient de Pascal Pigeot<\/h2>\n\n\n\n<figure class=\"wp-block-embed is-type-video is-provider-youtube wp-block-embed-youtube wp-embed-aspect-16-9 wp-has-aspect-ratio\"><div class=\"wp-block-embed__wrapper\">\n<iframe loading=\"lazy\" title=\"&quot;Nuit en Orient&quot; de Pascal Pigeot\" width=\"500\" height=\"281\" src=\"https:\/\/www.youtube.com\/embed\/CrKA9dHgtMI?feature=oembed\" frameborder=\"0\" allow=\"accelerometer; autoplay; clipboard-write; encrypted-media; gyroscope; picture-in-picture; web-share\" referrerpolicy=\"strict-origin-when-cross-origin\" allowfullscreen><\/iframe>\n<\/div><\/figure>\n\n\n\n<h2 class=\"wp-block-heading alignfull has-text-align-center\">Air de Liu extrait de Turandot de Puccini<\/h2>\n\n\n\n<figure class=\"wp-block-embed is-type-video is-provider-youtube wp-block-embed-youtube wp-embed-aspect-16-9 wp-has-aspect-ratio\"><div class=\"wp-block-embed__wrapper\">\n<iframe loading=\"lazy\" title=\"Air de Liu extrait de l&#039;op\u00e9ra Turandot de Puccini\" width=\"500\" height=\"281\" src=\"https:\/\/www.youtube.com\/embed\/dwpwvKFePuY?feature=oembed\" frameborder=\"0\" allow=\"accelerometer; autoplay; clipboard-write; encrypted-media; gyroscope; picture-in-picture; web-share\" referrerpolicy=\"strict-origin-when-cross-origin\" allowfullscreen><\/iframe>\n<\/div><\/figure>\n\n\n\n<h2 class=\"wp-block-heading alignfull has-text-align-center\">Fant\u00f4me de l&rsquo;op\u00e9ra de Webber<\/h2>\n\n\n\n<figure class=\"wp-block-embed is-type-video is-provider-youtube wp-block-embed-youtube wp-embed-aspect-16-9 wp-has-aspect-ratio\"><div class=\"wp-block-embed__wrapper\">\n<iframe loading=\"lazy\" title=\"Fant\u00f4me de l&#039;op\u00e9ra de Webber\" width=\"500\" height=\"281\" src=\"https:\/\/www.youtube.com\/embed\/lge4v7ZP79g?feature=oembed\" frameborder=\"0\" allow=\"accelerometer; autoplay; clipboard-write; encrypted-media; gyroscope; picture-in-picture; web-share\" referrerpolicy=\"strict-origin-when-cross-origin\" allowfullscreen><\/iframe>\n<\/div><\/figure>\n\n\n\n<div class=\"wp-block-group alignfull has-background is-layout-flow wp-block-group-is-layout-flow\" style=\"background-color:#f7f7f7\">\n<h2 class=\"wp-block-heading has-text-align-center\">janvier 2022<\/h2>\n\n\n\n<h2 class=\"wp-block-heading has-text-align-center\" style=\"font-size:66px\">Les voeux de Vibr&rsquo;Accord  <\/h2>\n<\/div>\n\n\n\n<figure class=\"wp-block-embed is-type-video is-provider-youtube wp-block-embed-youtube wp-embed-aspect-16-9 wp-has-aspect-ratio\"><div class=\"wp-block-embed__wrapper\">\n<iframe loading=\"lazy\" title=\"Orchestre Vibr&#039;Accord-voeux 2022\" width=\"500\" height=\"281\" src=\"https:\/\/www.youtube.com\/embed\/1weVcqrQUsI?feature=oembed\" frameborder=\"0\" allow=\"accelerometer; autoplay; clipboard-write; encrypted-media; gyroscope; picture-in-picture; web-share\" referrerpolicy=\"strict-origin-when-cross-origin\" allowfullscreen><\/iframe>\n<\/div><\/figure>\n\n\n\n<div class=\"wp-block-group alignfull has-black-color has-text-color has-background is-layout-flow wp-block-group-is-layout-flow\" id=\"Concert-Eden\" style=\"background-color:#f7f7f7\">\n<h3 class=\"wp-block-heading has-text-align-center has-text-color\" style=\"color:#981e25\"><mark style=\"background-color:rgba(0, 0, 0, 0);color:#a30d00\" class=\"has-inline-color\">Extraits des concerts de 20<\/mark>21<\/h3>\n\n\n\n<h2 class=\"wp-block-heading has-text-align-center\">13 juin 2021<\/h2>\n\n\n\n<h2 class=\"wp-block-heading has-text-align-center\" id=\"video-eden\" style=\"font-size:66px\">Concert \u00e0 l&rsquo;Eden  <\/h2>\n\n\n\n<h3 class=\"wp-block-heading has-text-align-center has-text-color\" style=\"color:#981e25\"><mark style=\"background-color:rgba(0, 0, 0, 0);color:#a30d00\" class=\"has-inline-color\">Concert avec l&rsquo;OSVS au profit des restos du coeur \u00e0 Saint Jean d&rsquo;Ang\u00e9ly<\/mark><\/h3>\n<\/div>\n\n\n\n<h2 class=\"wp-block-heading alignfull has-text-align-center\">Sibelius-Valse triste<\/h2>\n\n\n\n<figure class=\"wp-block-embed is-type-video is-provider-youtube wp-block-embed-youtube wp-embed-aspect-16-9 wp-has-aspect-ratio\"><div class=\"wp-block-embed__wrapper\">\n<iframe loading=\"lazy\" title=\"Sibellius valse triste \u00e0 l&#039;Eden 13 juin 2021\" width=\"500\" height=\"281\" src=\"https:\/\/www.youtube.com\/embed\/W3MnlipJkao?feature=oembed\" frameborder=\"0\" allow=\"accelerometer; autoplay; clipboard-write; encrypted-media; gyroscope; picture-in-picture; web-share\" referrerpolicy=\"strict-origin-when-cross-origin\" allowfullscreen><\/iframe>\n<\/div><\/figure>\n\n\n\n<h2 class=\"wp-block-heading has-text-align-center\">Amazing Grace<\/h2>\n\n\n\n<figure class=\"wp-block-embed is-type-video is-provider-youtube wp-block-embed-youtube wp-embed-aspect-16-9 wp-has-aspect-ratio\"><div class=\"wp-block-embed__wrapper\">\n<iframe loading=\"lazy\" title=\"Amazing Grace Eden 13 juin 2021\" width=\"500\" height=\"281\" src=\"https:\/\/www.youtube.com\/embed\/agXz2YYmntU?feature=oembed\" frameborder=\"0\" allow=\"accelerometer; autoplay; clipboard-write; encrypted-media; gyroscope; picture-in-picture; web-share\" referrerpolicy=\"strict-origin-when-cross-origin\" allowfullscreen><\/iframe>\n<\/div><\/figure>\n\n\n\n<h2 class=\"wp-block-heading has-text-align-center\">Femmes de Melvin Dans Les Nuages<\/h2>\n\n\n\n<figure class=\"wp-block-embed is-type-video is-provider-youtube wp-block-embed-youtube wp-embed-aspect-16-9 wp-has-aspect-ratio\"><div class=\"wp-block-embed__wrapper\">\n<iframe loading=\"lazy\" title=\"Melvin - Femmes \u00e0 l&#039;Eden 13 juin 2021\" width=\"500\" height=\"281\" src=\"https:\/\/www.youtube.com\/embed\/ibCuVEee_n4?feature=oembed\" frameborder=\"0\" allow=\"accelerometer; autoplay; clipboard-write; encrypted-media; gyroscope; picture-in-picture; web-share\" referrerpolicy=\"strict-origin-when-cross-origin\" allowfullscreen><\/iframe>\n<\/div><\/figure>\n\n\n\n<div id=\"video-marsilly\" class=\"wp-block-group has-background is-layout-flow wp-block-group-is-layout-flow\" style=\"background-color:#f7f7f7\">\n<div class=\"wp-block-buttons is-horizontal is-content-justification-center is-layout-flex wp-container-core-buttons-is-layout-03627597 wp-block-buttons-is-layout-flex\">\n<div class=\"wp-block-button is-style-fill\"><a class=\"wp-block-button__link wp-element-button\" href=\"https:\/\/youtube.com\/playlist?list=PL7CIFSlM74hTTQSe2ql9b_znCb4Ns72uV\" target=\"_blank\" rel=\"noreferrer noopener\">Voir d&rsquo;autres vid\u00e9os de ce concert<\/a><\/div>\n<\/div>\n\n\n\n<h2 class=\"wp-block-heading has-text-align-center\" id=\"Concert-Marsilly-2021\">27 juin 2021<\/h2>\n\n\n\n<h2 class=\"wp-block-heading has-text-align-center\" style=\"font-size:66px\">Concert \u00e0 Marsilly  <\/h2>\n\n\n\n<h3 class=\"wp-block-heading has-text-align-center has-text-color\" style=\"color:#981e25\"><mark style=\"background-color:rgba(0, 0, 0, 0);color:#a30d00\" class=\"has-inline-color\">Concert en formation cordes dans l&rsquo;\u00e9glise Saint Pierre<\/mark><\/h3>\n<\/div>\n\n\n\n<h2 class=\"wp-block-heading has-text-align-center\">Eh! Magyar<\/h2>\n\n\n\n<h3 class=\"wp-block-heading has-text-align-center\" id=\"Magyar\"><mark style=\"background-color:rgba(0, 0, 0, 0);color:#a30d00\" class=\"has-inline-color\">Czardas compos\u00e9 par Pascal Pigeot<\/mark><\/h3>\n\n\n\n<figure class=\"wp-block-embed is-type-video is-provider-youtube wp-block-embed-youtube wp-embed-aspect-16-9 wp-has-aspect-ratio\"><div class=\"wp-block-embed__wrapper\">\n<iframe loading=\"lazy\" title=\"Concert \u00e0 Marsilly Eh! Magyar de Pascal Pigeot avec petite danseuse!\" width=\"500\" height=\"281\" src=\"https:\/\/www.youtube.com\/embed\/cCPpgnsBNao?feature=oembed\" frameborder=\"0\" allow=\"accelerometer; autoplay; clipboard-write; encrypted-media; gyroscope; picture-in-picture; web-share\" referrerpolicy=\"strict-origin-when-cross-origin\" allowfullscreen><\/iframe>\n<\/div><\/figure>\n\n\n\n<h2 class=\"wp-block-heading has-text-align-center\">Mozart-Fant\u00f4me de l&rsquo;op\u00e9ra<\/h2>\n\n\n\n<h4 class=\"wp-block-heading has-text-align-center\"><mark style=\"background-color:rgba(0, 0, 0, 0);color:#a30d00\" class=\"has-inline-color\">2\u00e8me mouvement de la petite musique de nuit, interrompu par un extrait de la com\u00e9die musicale de Webber et Stilgoe<\/mark><\/h4>\n\n\n\n<figure class=\"wp-block-embed is-type-video is-provider-youtube wp-block-embed-youtube wp-embed-aspect-16-9 wp-has-aspect-ratio\"><div class=\"wp-block-embed__wrapper\">\n<iframe loading=\"lazy\" title=\"Concert \u00e0 Marsilly Mozart - Fant\u00f4me de l&#039;op\u00e9ra\" width=\"500\" height=\"281\" src=\"https:\/\/www.youtube.com\/embed\/pVWvpQhbxFw?feature=oembed\" frameborder=\"0\" allow=\"accelerometer; autoplay; clipboard-write; encrypted-media; gyroscope; picture-in-picture; web-share\" referrerpolicy=\"strict-origin-when-cross-origin\" allowfullscreen><\/iframe>\n<\/div><\/figure>\n\n\n\n<h2 class=\"wp-block-heading has-text-align-center\">Air de Liu de Puccini<\/h2>\n\n\n\n<h3 class=\"wp-block-heading has-text-align-center\"><mark style=\"background-color:rgba(0, 0, 0, 0);color:#a30d00\" class=\"has-inline-color\">Extrait de l&rsquo;op\u00e9ra Turandot<\/mark><\/h3>\n\n\n\n<figure class=\"wp-block-embed is-type-video is-provider-youtube wp-block-embed-youtube wp-embed-aspect-16-9 wp-has-aspect-ratio\"><div class=\"wp-block-embed__wrapper\">\n<iframe loading=\"lazy\" title=\"Concert \u00e0 Marsilly Air de Liu extrait de Turandot de Puccini\" width=\"500\" height=\"281\" src=\"https:\/\/www.youtube.com\/embed\/dyGheHQB2Qc?feature=oembed\" frameborder=\"0\" allow=\"accelerometer; autoplay; clipboard-write; encrypted-media; gyroscope; picture-in-picture; web-share\" referrerpolicy=\"strict-origin-when-cross-origin\" allowfullscreen><\/iframe>\n<\/div><\/figure>\n\n\n\n<div class=\"wp-block-group alignfull has-background is-layout-flow wp-block-group-is-layout-flow\" style=\"background-color:#f7f7f7\">\n<h2 class=\"wp-block-heading has-text-align-center\">janvier 2021<\/h2>\n\n\n\n<h2 class=\"wp-block-heading has-text-align-center\" style=\"font-size:66px\">Les voeux de Vibr&rsquo;Accord  <\/h2>\n<\/div>\n\n\n\n<figure class=\"wp-block-embed is-type-video is-provider-youtube wp-block-embed-youtube wp-embed-aspect-16-9 wp-has-aspect-ratio\"><div class=\"wp-block-embed__wrapper\">\n<iframe loading=\"lazy\" title=\"Voeux de VibrAccord pour 2021\" width=\"500\" height=\"281\" src=\"https:\/\/www.youtube.com\/embed\/FZsEX42-NiI?feature=oembed\" frameborder=\"0\" allow=\"accelerometer; autoplay; clipboard-write; encrypted-media; gyroscope; picture-in-picture; web-share\" referrerpolicy=\"strict-origin-when-cross-origin\" allowfullscreen><\/iframe>\n<\/div><\/figure>\n\n\n\n<div class=\"wp-block-buttons is-layout-flex wp-block-buttons-is-layout-flex\"><\/div>\n\n\n\n<p><\/p>\n","protected":false},"excerpt":{"rendered":"<p>Extraits des concerts de 2025 15 Juin 2025 Concert \u00e0 l&rsquo;Eglise de Marans Les voeux de Vibr&rsquo;Accord Extraits des concerts de 2024 2 Juin 2024 Concert \u00e0 l&rsquo;Eglise de Marsilly Janvier 2024 Les voeux de Vibr&rsquo;Accord Extraits des concerts de 2023 21 juin 2023 Concert \u00e0 l&rsquo;Eglise Notre Dame de La Rochelle 14 Mai 2023 [&hellip;]<\/p>\n","protected":false},"author":1,"featured_media":0,"parent":0,"menu_order":0,"comment_status":"open","ping_status":"closed","template":"","meta":{"om_disable_all_campaigns":false,"_monsterinsights_skip_tracking":false,"_monsterinsights_sitenote_active":false,"_monsterinsights_sitenote_note":"","_monsterinsights_sitenote_category":0,"site-sidebar-layout":"no-sidebar","site-content-layout":"plain-container","ast-site-content-layout":"normal-width-container","site-content-style":"unboxed","site-sidebar-style":"unboxed","ast-global-header-display":"","ast-banner-title-visibility":"","ast-main-header-display":"","ast-hfb-above-header-display":"","ast-hfb-below-header-display":"","ast-hfb-mobile-header-display":"","site-post-title":"disabled","ast-breadcrumbs-content":"disabled","ast-featured-img":"disabled","footer-sml-layout":"","ast-disable-related-posts":"","theme-transparent-header-meta":"enabled","adv-header-id-meta":"","stick-header-meta":"","header-above-stick-meta":"","header-main-stick-meta":"","header-below-stick-meta":"","astra-migrate-meta-layouts":"set","ast-page-background-enabled":"default","ast-page-background-meta":{"desktop":{"background-color":"","background-image":"","background-repeat":"repeat","background-position":"center center","background-size":"auto","background-attachment":"scroll","background-type":"","background-media":"","overlay-type":"","overlay-color":"","overlay-opacity":"","overlay-gradient":""},"tablet":{"background-color":"","background-image":"","background-repeat":"repeat","background-position":"center center","background-size":"auto","background-attachment":"scroll","background-type":"","background-media":"","overlay-type":"","overlay-color":"","overlay-opacity":"","overlay-gradient":""},"mobile":{"background-color":"","background-image":"","background-repeat":"repeat","background-position":"center center","background-size":"auto","background-attachment":"scroll","background-type":"","background-media":"","overlay-type":"","overlay-color":"","overlay-opacity":"","overlay-gradient":""}},"ast-content-background-meta":{"desktop":{"background-color":"var(--ast-global-color-5)","background-image":"","background-repeat":"repeat","background-position":"center center","background-size":"auto","background-attachment":"scroll","background-type":"","background-media":"","overlay-type":"","overlay-color":"","overlay-opacity":"","overlay-gradient":""},"tablet":{"background-color":"var(--ast-global-color-5)","background-image":"","background-repeat":"repeat","background-position":"center center","background-size":"auto","background-attachment":"scroll","background-type":"","background-media":"","overlay-type":"","overlay-color":"","overlay-opacity":"","overlay-gradient":""},"mobile":{"background-color":"var(--ast-global-color-5)","background-image":"","background-repeat":"repeat","background-position":"center center","background-size":"auto","background-attachment":"scroll","background-type":"","background-media":"","overlay-type":"","overlay-color":"","overlay-opacity":"","overlay-gradient":""}},"footnotes":""},"class_list":["post-1543","page","type-page","status-publish","hentry"],"aioseo_notices":[],"_links":{"self":[{"href":"https:\/\/orchestre-vibraccord.fr\/index.php?rest_route=\/wp\/v2\/pages\/1543","targetHints":{"allow":["GET"]}}],"collection":[{"href":"https:\/\/orchestre-vibraccord.fr\/index.php?rest_route=\/wp\/v2\/pages"}],"about":[{"href":"https:\/\/orchestre-vibraccord.fr\/index.php?rest_route=\/wp\/v2\/types\/page"}],"author":[{"embeddable":true,"href":"https:\/\/orchestre-vibraccord.fr\/index.php?rest_route=\/wp\/v2\/users\/1"}],"replies":[{"embeddable":true,"href":"https:\/\/orchestre-vibraccord.fr\/index.php?rest_route=%2Fwp%2Fv2%2Fcomments&post=1543"}],"version-history":[{"count":35,"href":"https:\/\/orchestre-vibraccord.fr\/index.php?rest_route=\/wp\/v2\/pages\/1543\/revisions"}],"predecessor-version":[{"id":2568,"href":"https:\/\/orchestre-vibraccord.fr\/index.php?rest_route=\/wp\/v2\/pages\/1543\/revisions\/2568"}],"wp:attachment":[{"href":"https:\/\/orchestre-vibraccord.fr\/index.php?rest_route=%2Fwp%2Fv2%2Fmedia&parent=1543"}],"curies":[{"name":"wp","href":"https:\/\/api.w.org\/{rel}","templated":true}]}}