{"id":1541,"date":"2021-06-20T08:04:02","date_gmt":"2021-06-20T08:04:02","guid":{"rendered":"http:\/\/orchestre-vibraccord.fr\/?page_id=1541"},"modified":"2025-12-04T10:37:10","modified_gmt":"2025-12-04T10:37:10","slug":"practice-areas","status":"publish","type":"page","link":"https:\/\/orchestre-vibraccord.fr\/?page_id=1541","title":{"rendered":"Solidarit\u00e9"},"content":{"rendered":"\n<div class=\"wp-block-cover alignfull\"><img loading=\"lazy\" decoding=\"async\" width=\"2560\" height=\"1707\" class=\"wp-block-cover__image-background wp-image-2319\" alt=\"\" src=\"http:\/\/orchestre-vibraccord.fr\/wp-content\/uploads\/2024\/06\/2024-marcilly-Vibraccord204-scaled.jpg\" data-object-fit=\"cover\" srcset=\"https:\/\/orchestre-vibraccord.fr\/wp-content\/uploads\/2024\/06\/2024-marcilly-Vibraccord204-scaled.jpg 2560w, https:\/\/orchestre-vibraccord.fr\/wp-content\/uploads\/2024\/06\/2024-marcilly-Vibraccord204-300x200.jpg 300w, https:\/\/orchestre-vibraccord.fr\/wp-content\/uploads\/2024\/06\/2024-marcilly-Vibraccord204-1024x683.jpg 1024w, https:\/\/orchestre-vibraccord.fr\/wp-content\/uploads\/2024\/06\/2024-marcilly-Vibraccord204-768x512.jpg 768w, https:\/\/orchestre-vibraccord.fr\/wp-content\/uploads\/2024\/06\/2024-marcilly-Vibraccord204-1536x1024.jpg 1536w, https:\/\/orchestre-vibraccord.fr\/wp-content\/uploads\/2024\/06\/2024-marcilly-Vibraccord204-2048x1365.jpg 2048w\" sizes=\"auto, (max-width: 2560px) 100vw, 2560px\" \/><span aria-hidden=\"true\" class=\"wp-block-cover__background has-background-dim\" style=\"background-color:#783c24\"><\/span><div class=\"wp-block-cover__inner-container is-layout-flow wp-block-cover-is-layout-flow\">\n<h1 class=\"wp-block-heading has-text-color\" style=\"color:#ffffff\">Solidarit\u00e9<\/h1>\n<\/div><\/div>\n\n\n\n<div class=\"wp-block-group alignfull is-layout-flow wp-block-group-is-layout-flow\">\n<div class=\"wp-block-columns alignwide is-layout-flex wp-container-core-columns-is-layout-28f84493 wp-block-columns-is-layout-flex\">\n<div class=\"wp-block-column is-layout-flow wp-block-column-is-layout-flow\">\n<h2 class=\"wp-block-heading\">Concerts organis\u00e9s au profit d&rsquo;oeuvres caritatives<\/h2>\n<\/div>\n\n\n\n<div class=\"wp-block-column is-layout-flow wp-block-column-is-layout-flow\">\n<p><strong>L&rsquo;association et l&rsquo;orchestre souhaitent participer \u00e0 l&rsquo;entraide et au lien social.<\/strong><\/p>\n\n\n\n<p>Ainsi des concerts sont r\u00e9guli\u00e8rement donn\u00e9s dans l&rsquo;Ehpad qui nous accueille pour nos r\u00e9p\u00e9titions hebdomadaires, et des concerts pour des oeuvres caritatives <\/p>\n<\/div>\n<\/div>\n\n\n\n<div class=\"wp-block-group alignfull is-layout-flow wp-block-group-is-layout-flow\">\n<div class=\"wp-block-columns alignwide is-layout-flex wp-container-core-columns-is-layout-28f84493 wp-block-columns-is-layout-flex\">\n<div class=\"wp-block-column is-layout-flow wp-block-column-is-layout-flow\"><\/div>\n<\/div>\n\n\n\n<div class=\"wp-block-group alignfull has-black-color has-text-color has-background is-layout-flow wp-block-group-is-layout-flow\" id=\"Concert-Eden\" style=\"background-color:#f7f7f7\">\n<h2 class=\"wp-block-heading has-text-align-center\">16 Avril 2025<\/h2>\n\n\n\n<h2 class=\"wp-block-heading has-text-align-center\" id=\"Video-Eden-2021\" style=\"font-size:66px\">Concert \u00e0 l&rsquo;APAJH 17<\/h2>\n\n\n\n<h3 class=\"wp-block-heading has-text-align-center has-text-color\" style=\"color:#981e25\"><span style=\"color:#a30d00\" class=\"has-inline-color\">Avec les \u00e9l\u00e8ves de l&rsquo;\u00e9cole de musique 1001 notes<\/span><\/h3>\n<\/div>\n\n\n\n<figure class=\"wp-block-gallery has-nested-images columns-default is-cropped wp-block-gallery-1 is-layout-flex wp-block-gallery-is-layout-flex\">\n<figure class=\"wp-block-image size-large\"><img loading=\"lazy\" decoding=\"async\" width=\"644\" height=\"1024\" data-id=\"2494\" src=\"https:\/\/orchestre-vibraccord.fr\/wp-content\/uploads\/2025\/10\/IMG-20250416-WA0007-644x1024.jpg\" alt=\"\" class=\"wp-image-2494\" srcset=\"https:\/\/orchestre-vibraccord.fr\/wp-content\/uploads\/2025\/10\/IMG-20250416-WA0007-644x1024.jpg 644w, https:\/\/orchestre-vibraccord.fr\/wp-content\/uploads\/2025\/10\/IMG-20250416-WA0007-189x300.jpg 189w, https:\/\/orchestre-vibraccord.fr\/wp-content\/uploads\/2025\/10\/IMG-20250416-WA0007-768x1220.jpg 768w, https:\/\/orchestre-vibraccord.fr\/wp-content\/uploads\/2025\/10\/IMG-20250416-WA0007-967x1536.jpg 967w, https:\/\/orchestre-vibraccord.fr\/wp-content\/uploads\/2025\/10\/IMG-20250416-WA0007.jpg 1007w\" sizes=\"auto, (max-width: 644px) 100vw, 644px\" \/><\/figure>\n\n\n\n<figure class=\"wp-block-image size-large\"><img loading=\"lazy\" decoding=\"async\" width=\"767\" height=\"1024\" data-id=\"2495\" src=\"https:\/\/orchestre-vibraccord.fr\/wp-content\/uploads\/2025\/10\/IMG-20250417-WA0031-767x1024.jpg\" alt=\"\" class=\"wp-image-2495\" srcset=\"https:\/\/orchestre-vibraccord.fr\/wp-content\/uploads\/2025\/10\/IMG-20250417-WA0031-767x1024.jpg 767w, https:\/\/orchestre-vibraccord.fr\/wp-content\/uploads\/2025\/10\/IMG-20250417-WA0031-225x300.jpg 225w, https:\/\/orchestre-vibraccord.fr\/wp-content\/uploads\/2025\/10\/IMG-20250417-WA0031-768x1025.jpg 768w, https:\/\/orchestre-vibraccord.fr\/wp-content\/uploads\/2025\/10\/IMG-20250417-WA0031-1151x1536.jpg 1151w, https:\/\/orchestre-vibraccord.fr\/wp-content\/uploads\/2025\/10\/IMG-20250417-WA0031.jpg 1199w\" sizes=\"auto, (max-width: 767px) 100vw, 767px\" \/><\/figure>\n<\/figure>\n<\/div>\n\n\n\n<div class=\"wp-block-group alignfull has-black-color has-text-color has-background is-layout-flow wp-block-group-is-layout-flow\" id=\"Concert-Eden\" style=\"background-color:#f7f7f7\">\n<h2 class=\"wp-block-heading has-text-align-center\">10 Avril 2024<\/h2>\n\n\n\n<h2 class=\"wp-block-heading has-text-align-center\" id=\"Video-Eden-2021\" style=\"font-size:66px\">Concert au centre a\u00e9r\u00e9 de Marsilly<\/h2>\n\n\n\n<h3 class=\"wp-block-heading has-text-align-center has-text-color\" style=\"color:#981e25\"><span style=\"color:#a30d00\" class=\"has-inline-color\"><span style=\"color:#a30d00\" class=\"has-inline-color\">Avec les \u00e9l\u00e8ves de l&rsquo;\u00e9cole de musique 1001 notes<\/span><\/span><\/h3>\n\n\n\n<figure class=\"wp-block-gallery has-nested-images columns-default is-cropped wp-block-gallery-2 is-layout-flex wp-block-gallery-is-layout-flex\">\n<figure class=\"wp-block-image size-large\"><img loading=\"lazy\" decoding=\"async\" width=\"768\" height=\"1024\" data-id=\"2499\" src=\"http:\/\/orchestre-vibraccord.fr\/wp-content\/uploads\/2025\/12\/IMG-20240411-WA0025-768x1024.jpg\" alt=\"\" class=\"wp-image-2499\" srcset=\"https:\/\/orchestre-vibraccord.fr\/wp-content\/uploads\/2025\/12\/IMG-20240411-WA0025-768x1024.jpg 768w, https:\/\/orchestre-vibraccord.fr\/wp-content\/uploads\/2025\/12\/IMG-20240411-WA0025-225x300.jpg 225w, https:\/\/orchestre-vibraccord.fr\/wp-content\/uploads\/2025\/12\/IMG-20240411-WA0025-1152x1536.jpg 1152w, https:\/\/orchestre-vibraccord.fr\/wp-content\/uploads\/2025\/12\/IMG-20240411-WA0025.jpg 1536w\" sizes=\"auto, (max-width: 768px) 100vw, 768px\" \/><\/figure>\n\n\n\n<figure class=\"wp-block-image size-large\"><img loading=\"lazy\" decoding=\"async\" width=\"768\" height=\"1024\" data-id=\"2500\" src=\"http:\/\/orchestre-vibraccord.fr\/wp-content\/uploads\/2025\/12\/IMG-20240411-WA0022-768x1024.jpg\" alt=\"\" class=\"wp-image-2500\" srcset=\"https:\/\/orchestre-vibraccord.fr\/wp-content\/uploads\/2025\/12\/IMG-20240411-WA0022-768x1024.jpg 768w, https:\/\/orchestre-vibraccord.fr\/wp-content\/uploads\/2025\/12\/IMG-20240411-WA0022-225x300.jpg 225w, https:\/\/orchestre-vibraccord.fr\/wp-content\/uploads\/2025\/12\/IMG-20240411-WA0022-1152x1536.jpg 1152w, https:\/\/orchestre-vibraccord.fr\/wp-content\/uploads\/2025\/12\/IMG-20240411-WA0022.jpg 1536w\" sizes=\"auto, (max-width: 768px) 100vw, 768px\" \/><\/figure>\n\n\n\n<figure class=\"wp-block-image size-large\"><img loading=\"lazy\" decoding=\"async\" width=\"768\" height=\"1024\" data-id=\"2501\" src=\"https:\/\/orchestre-vibraccord.fr\/wp-content\/uploads\/2025\/12\/IMG-20240411-WA0006-768x1024.jpg\" alt=\"\" class=\"wp-image-2501\" srcset=\"https:\/\/orchestre-vibraccord.fr\/wp-content\/uploads\/2025\/12\/IMG-20240411-WA0006-768x1024.jpg 768w, https:\/\/orchestre-vibraccord.fr\/wp-content\/uploads\/2025\/12\/IMG-20240411-WA0006-225x300.jpg 225w, https:\/\/orchestre-vibraccord.fr\/wp-content\/uploads\/2025\/12\/IMG-20240411-WA0006-1152x1536.jpg 1152w, https:\/\/orchestre-vibraccord.fr\/wp-content\/uploads\/2025\/12\/IMG-20240411-WA0006.jpg 1536w\" sizes=\"auto, (max-width: 768px) 100vw, 768px\" \/><\/figure>\n\n\n\n<figure class=\"wp-block-image size-large\"><img loading=\"lazy\" decoding=\"async\" width=\"1528\" height=\"1528\" data-id=\"2507\" src=\"https:\/\/orchestre-vibraccord.fr\/wp-content\/uploads\/2025\/12\/IMG-20240411-WA0034-1-edited.jpg\" alt=\"\" class=\"wp-image-2507\" srcset=\"https:\/\/orchestre-vibraccord.fr\/wp-content\/uploads\/2025\/12\/IMG-20240411-WA0034-1-edited.jpg 1528w, https:\/\/orchestre-vibraccord.fr\/wp-content\/uploads\/2025\/12\/IMG-20240411-WA0034-1-edited-300x300.jpg 300w, https:\/\/orchestre-vibraccord.fr\/wp-content\/uploads\/2025\/12\/IMG-20240411-WA0034-1-edited-1024x1024.jpg 1024w, https:\/\/orchestre-vibraccord.fr\/wp-content\/uploads\/2025\/12\/IMG-20240411-WA0034-1-edited-150x150.jpg 150w, https:\/\/orchestre-vibraccord.fr\/wp-content\/uploads\/2025\/12\/IMG-20240411-WA0034-1-edited-768x768.jpg 768w\" sizes=\"auto, (max-width: 1528px) 100vw, 1528px\" \/><\/figure>\n\n\n\n<figure class=\"wp-block-image size-large\"><img loading=\"lazy\" decoding=\"async\" width=\"1536\" height=\"1536\" data-id=\"2505\" src=\"https:\/\/orchestre-vibraccord.fr\/wp-content\/uploads\/2025\/12\/IMG-20240411-WA0032-edited.jpg\" alt=\"\" class=\"wp-image-2505\" srcset=\"https:\/\/orchestre-vibraccord.fr\/wp-content\/uploads\/2025\/12\/IMG-20240411-WA0032-edited.jpg 1536w, https:\/\/orchestre-vibraccord.fr\/wp-content\/uploads\/2025\/12\/IMG-20240411-WA0032-edited-300x300.jpg 300w, https:\/\/orchestre-vibraccord.fr\/wp-content\/uploads\/2025\/12\/IMG-20240411-WA0032-edited-1024x1024.jpg 1024w, https:\/\/orchestre-vibraccord.fr\/wp-content\/uploads\/2025\/12\/IMG-20240411-WA0032-edited-150x150.jpg 150w, https:\/\/orchestre-vibraccord.fr\/wp-content\/uploads\/2025\/12\/IMG-20240411-WA0032-edited-768x768.jpg 768w\" sizes=\"auto, (max-width: 1536px) 100vw, 1536px\" \/><\/figure>\n<\/figure>\n\n\n\n<div class=\"wp-block-group is-layout-constrained wp-block-group-is-layout-constrained\"><\/div>\n<\/div>\n\n\n\n<div class=\"wp-block-group alignfull has-black-color has-text-color has-background is-layout-flow wp-block-group-is-layout-flow\" id=\"Concert-Eden\" style=\"background-color:#f7f7f7\">\n<h2 class=\"wp-block-heading has-text-align-center\">21 juin 2021<\/h2>\n\n\n\n<h2 class=\"wp-block-heading has-text-align-center\" id=\"Video-Eden-2021\" style=\"font-size:66px\">Concert \u00e0 l&rsquo;Ehpad Rieux Coudreau  <\/h2>\n\n\n\n<h3 class=\"wp-block-heading has-text-align-center has-text-color\" style=\"color:#981e25\"><span style=\"color:#a30d00\" class=\"has-inline-color\">Concert pour les r\u00e9sidents de l&rsquo;Ehpad de Dompierre sur mer<\/span><\/h3>\n<\/div>\n\n\n\n<figure class=\"wp-block-gallery has-nested-images columns-default is-cropped wp-block-gallery-3 is-layout-flex wp-block-gallery-is-layout-flex\">\n<figure class=\"wp-block-image size-large\"><img loading=\"lazy\" decoding=\"async\" width=\"1024\" height=\"683\" data-id=\"1700\" src=\"https:\/\/orchestre-vibraccord.fr\/wp-content\/uploads\/2021\/08\/DSC04286-1024x683.jpg\" alt=\"\" class=\"wp-image-1700\" srcset=\"https:\/\/orchestre-vibraccord.fr\/wp-content\/uploads\/2021\/08\/DSC04286-1024x683.jpg 1024w, https:\/\/orchestre-vibraccord.fr\/wp-content\/uploads\/2021\/08\/DSC04286-300x200.jpg 300w, https:\/\/orchestre-vibraccord.fr\/wp-content\/uploads\/2021\/08\/DSC04286-768x512.jpg 768w, https:\/\/orchestre-vibraccord.fr\/wp-content\/uploads\/2021\/08\/DSC04286-1536x1024.jpg 1536w, https:\/\/orchestre-vibraccord.fr\/wp-content\/uploads\/2021\/08\/DSC04286-2048x1365.jpg 2048w\" sizes=\"auto, (max-width: 1024px) 100vw, 1024px\" \/><\/figure>\n\n\n\n<figure class=\"wp-block-image size-large\"><img loading=\"lazy\" decoding=\"async\" width=\"1024\" height=\"768\" data-id=\"1895\" src=\"https:\/\/orchestre-vibraccord.fr\/wp-content\/uploads\/2021\/08\/4.-preparation_Moment-2-1024x768.jpg\" alt=\"\" class=\"wp-image-1895\" srcset=\"https:\/\/orchestre-vibraccord.fr\/wp-content\/uploads\/2021\/08\/4.-preparation_Moment-2-1024x768.jpg 1024w, https:\/\/orchestre-vibraccord.fr\/wp-content\/uploads\/2021\/08\/4.-preparation_Moment-2-300x225.jpg 300w, https:\/\/orchestre-vibraccord.fr\/wp-content\/uploads\/2021\/08\/4.-preparation_Moment-2-768x576.jpg 768w, https:\/\/orchestre-vibraccord.fr\/wp-content\/uploads\/2021\/08\/4.-preparation_Moment-2.jpg 1440w\" sizes=\"auto, (max-width: 1024px) 100vw, 1024px\" \/><\/figure>\n\n\n\n<figure class=\"wp-block-image size-large\"><img loading=\"lazy\" decoding=\"async\" width=\"1024\" height=\"768\" data-id=\"1896\" src=\"https:\/\/orchestre-vibraccord.fr\/wp-content\/uploads\/2021\/08\/4.-preparation_Moment-1024x768.jpg\" alt=\"\" class=\"wp-image-1896\" srcset=\"https:\/\/orchestre-vibraccord.fr\/wp-content\/uploads\/2021\/08\/4.-preparation_Moment-1024x768.jpg 1024w, https:\/\/orchestre-vibraccord.fr\/wp-content\/uploads\/2021\/08\/4.-preparation_Moment-300x225.jpg 300w, https:\/\/orchestre-vibraccord.fr\/wp-content\/uploads\/2021\/08\/4.-preparation_Moment-768x576.jpg 768w, https:\/\/orchestre-vibraccord.fr\/wp-content\/uploads\/2021\/08\/4.-preparation_Moment.jpg 1440w\" sizes=\"auto, (max-width: 1024px) 100vw, 1024px\" \/><\/figure>\n\n\n\n<figure class=\"wp-block-image size-large\"><img loading=\"lazy\" decoding=\"async\" width=\"1024\" height=\"768\" data-id=\"1898\" src=\"https:\/\/orchestre-vibraccord.fr\/wp-content\/uploads\/2021\/08\/3.-Sibellius-valse-triste_Moment-2-1024x768.jpg\" alt=\"\" class=\"wp-image-1898\" srcset=\"https:\/\/orchestre-vibraccord.fr\/wp-content\/uploads\/2021\/08\/3.-Sibellius-valse-triste_Moment-2-1024x768.jpg 1024w, https:\/\/orchestre-vibraccord.fr\/wp-content\/uploads\/2021\/08\/3.-Sibellius-valse-triste_Moment-2-300x225.jpg 300w, https:\/\/orchestre-vibraccord.fr\/wp-content\/uploads\/2021\/08\/3.-Sibellius-valse-triste_Moment-2-768x576.jpg 768w, https:\/\/orchestre-vibraccord.fr\/wp-content\/uploads\/2021\/08\/3.-Sibellius-valse-triste_Moment-2.jpg 1440w\" sizes=\"auto, (max-width: 1024px) 100vw, 1024px\" \/><\/figure>\n\n\n\n<figure class=\"wp-block-image size-large\"><img loading=\"lazy\" decoding=\"async\" width=\"1024\" height=\"768\" data-id=\"1899\" src=\"https:\/\/orchestre-vibraccord.fr\/wp-content\/uploads\/2021\/08\/3.-Sibellius-valse-triste_Moment-1024x768.jpg\" alt=\"\" class=\"wp-image-1899\" srcset=\"https:\/\/orchestre-vibraccord.fr\/wp-content\/uploads\/2021\/08\/3.-Sibellius-valse-triste_Moment-1024x768.jpg 1024w, https:\/\/orchestre-vibraccord.fr\/wp-content\/uploads\/2021\/08\/3.-Sibellius-valse-triste_Moment-300x225.jpg 300w, https:\/\/orchestre-vibraccord.fr\/wp-content\/uploads\/2021\/08\/3.-Sibellius-valse-triste_Moment-768x576.jpg 768w, https:\/\/orchestre-vibraccord.fr\/wp-content\/uploads\/2021\/08\/3.-Sibellius-valse-triste_Moment.jpg 1440w\" sizes=\"auto, (max-width: 1024px) 100vw, 1024px\" \/><\/figure>\n<\/figure>\n\n\n\n<div class=\"wp-block-group alignfull has-black-color has-text-color has-background is-layout-flow wp-block-group-is-layout-flow\" id=\"Concert-Eden\" style=\"background-color:#f7f7f7\">\n<h2 class=\"wp-block-heading has-text-align-center\">13 juin 2021<\/h2>\n\n\n\n<h2 class=\"wp-block-heading has-text-align-center\" id=\"Video-Eden-2021\" style=\"font-size:66px\">Concert au profit des restos du coeur  <\/h2>\n\n\n\n<h3 class=\"wp-block-heading has-text-align-center has-text-color\" style=\"color:#981e25\"><span style=\"color:#a30d00\" class=\"has-inline-color\">Concert avec l&rsquo;OSVS \u00e0 la salle de spectacle l&rsquo;Eden de Saint Jean d&rsquo;Ang\u00e9ly<\/span><\/h3>\n<\/div>\n<\/div>\n\n\n\n<figure class=\"wp-block-gallery has-nested-images columns-default is-cropped wp-block-gallery-4 is-layout-flex wp-block-gallery-is-layout-flex\">\n<figure class=\"wp-block-image size-large\"><img loading=\"lazy\" decoding=\"async\" width=\"1024\" height=\"683\" data-id=\"1703\" src=\"https:\/\/orchestre-vibraccord.fr\/wp-content\/uploads\/2021\/08\/DSC4963-1024x683.jpg\" alt=\"Concert de Vibr'Accord et l'OSVS au profit des restos du coeur\" class=\"wp-image-1703\" srcset=\"https:\/\/orchestre-vibraccord.fr\/wp-content\/uploads\/2021\/08\/DSC4963-1024x683.jpg 1024w, https:\/\/orchestre-vibraccord.fr\/wp-content\/uploads\/2021\/08\/DSC4963-300x200.jpg 300w, https:\/\/orchestre-vibraccord.fr\/wp-content\/uploads\/2021\/08\/DSC4963-768x512.jpg 768w, https:\/\/orchestre-vibraccord.fr\/wp-content\/uploads\/2021\/08\/DSC4963-1536x1024.jpg 1536w, https:\/\/orchestre-vibraccord.fr\/wp-content\/uploads\/2021\/08\/DSC4963-2048x1365.jpg 2048w\" sizes=\"auto, (max-width: 1024px) 100vw, 1024px\" \/><figcaption class=\"wp-element-caption\"> Vibr&rsquo;Accord et l&rsquo;OSVS<\/figcaption><\/figure>\n\n\n\n<figure class=\"wp-block-image size-large\"><img loading=\"lazy\" decoding=\"async\" width=\"1024\" height=\"683\" data-id=\"1738\" src=\"https:\/\/orchestre-vibraccord.fr\/wp-content\/uploads\/2021\/08\/DSC4952-1024x683.jpg\" alt=\"\" class=\"wp-image-1738\" srcset=\"https:\/\/orchestre-vibraccord.fr\/wp-content\/uploads\/2021\/08\/DSC4952-1024x683.jpg 1024w, https:\/\/orchestre-vibraccord.fr\/wp-content\/uploads\/2021\/08\/DSC4952-300x200.jpg 300w, https:\/\/orchestre-vibraccord.fr\/wp-content\/uploads\/2021\/08\/DSC4952-768x512.jpg 768w, https:\/\/orchestre-vibraccord.fr\/wp-content\/uploads\/2021\/08\/DSC4952-1536x1024.jpg 1536w, https:\/\/orchestre-vibraccord.fr\/wp-content\/uploads\/2021\/08\/DSC4952-2048x1365.jpg 2048w\" sizes=\"auto, (max-width: 1024px) 100vw, 1024px\" \/><\/figure>\n\n\n\n<figure class=\"wp-block-image size-large\"><img loading=\"lazy\" decoding=\"async\" width=\"1024\" height=\"768\" data-id=\"1829\" src=\"https:\/\/orchestre-vibraccord.fr\/wp-content\/uploads\/2021\/08\/4.-Ghost_Moment-1024x768.jpg\" alt=\"Orchestre Vibr'Accord sur la sc\u00e8ne de l'Eden, \u00e9clairage bleu\" class=\"wp-image-1829\" srcset=\"https:\/\/orchestre-vibraccord.fr\/wp-content\/uploads\/2021\/08\/4.-Ghost_Moment-1024x768.jpg 1024w, https:\/\/orchestre-vibraccord.fr\/wp-content\/uploads\/2021\/08\/4.-Ghost_Moment-300x225.jpg 300w, https:\/\/orchestre-vibraccord.fr\/wp-content\/uploads\/2021\/08\/4.-Ghost_Moment-768x576.jpg 768w, https:\/\/orchestre-vibraccord.fr\/wp-content\/uploads\/2021\/08\/4.-Ghost_Moment.jpg 1440w\" sizes=\"auto, (max-width: 1024px) 100vw, 1024px\" \/><figcaption class=\"wp-element-caption\">Salle de spectacle de l&rsquo;Eden<\/figcaption><\/figure>\n\n\n\n<figure class=\"wp-block-image size-large\"><img loading=\"lazy\" decoding=\"async\" width=\"1024\" height=\"683\" data-id=\"1739\" src=\"https:\/\/orchestre-vibraccord.fr\/wp-content\/uploads\/2021\/08\/DSC4953-1024x683.jpg\" alt=\"Vu sur les spectateurs\" class=\"wp-image-1739\" srcset=\"https:\/\/orchestre-vibraccord.fr\/wp-content\/uploads\/2021\/08\/DSC4953-1024x683.jpg 1024w, https:\/\/orchestre-vibraccord.fr\/wp-content\/uploads\/2021\/08\/DSC4953-300x200.jpg 300w, https:\/\/orchestre-vibraccord.fr\/wp-content\/uploads\/2021\/08\/DSC4953-768x512.jpg 768w, https:\/\/orchestre-vibraccord.fr\/wp-content\/uploads\/2021\/08\/DSC4953-1536x1024.jpg 1536w, https:\/\/orchestre-vibraccord.fr\/wp-content\/uploads\/2021\/08\/DSC4953-2048x1365.jpg 2048w\" sizes=\"auto, (max-width: 1024px) 100vw, 1024px\" \/><figcaption class=\"wp-element-caption\">Vue de la salle en demi-jauge \u00e0 cause du covid<\/figcaption><\/figure>\n\n\n\n<figure class=\"wp-block-image size-large\"><img loading=\"lazy\" decoding=\"async\" width=\"1024\" height=\"683\" data-id=\"1704\" src=\"https:\/\/orchestre-vibraccord.fr\/wp-content\/uploads\/2021\/08\/DSC4983-1024x683.jpg\" alt=\"Concert de l'orchestre Vib'Accord et de l'OSVS salle de l'Eden\" class=\"wp-image-1704\" srcset=\"https:\/\/orchestre-vibraccord.fr\/wp-content\/uploads\/2021\/08\/DSC4983-1024x683.jpg 1024w, https:\/\/orchestre-vibraccord.fr\/wp-content\/uploads\/2021\/08\/DSC4983-300x200.jpg 300w, https:\/\/orchestre-vibraccord.fr\/wp-content\/uploads\/2021\/08\/DSC4983-768x512.jpg 768w, https:\/\/orchestre-vibraccord.fr\/wp-content\/uploads\/2021\/08\/DSC4983-1536x1024.jpg 1536w, https:\/\/orchestre-vibraccord.fr\/wp-content\/uploads\/2021\/08\/DSC4983-2048x1365.jpg 2048w\" sizes=\"auto, (max-width: 1024px) 100vw, 1024px\" \/><\/figure>\n\n\n\n<figure class=\"wp-block-image size-large\"><img loading=\"lazy\" decoding=\"async\" width=\"1024\" height=\"683\" data-id=\"1702\" src=\"https:\/\/orchestre-vibraccord.fr\/wp-content\/uploads\/2021\/08\/DSC5014-1024x683.jpg\" alt=\"Melvin dans les nuages chante avec l'OSVS et l'orchestre Vibr'Accord\" class=\"wp-image-1702\" srcset=\"https:\/\/orchestre-vibraccord.fr\/wp-content\/uploads\/2021\/08\/DSC5014-1024x683.jpg 1024w, https:\/\/orchestre-vibraccord.fr\/wp-content\/uploads\/2021\/08\/DSC5014-300x200.jpg 300w, https:\/\/orchestre-vibraccord.fr\/wp-content\/uploads\/2021\/08\/DSC5014-768x512.jpg 768w, https:\/\/orchestre-vibraccord.fr\/wp-content\/uploads\/2021\/08\/DSC5014-1536x1024.jpg 1536w, https:\/\/orchestre-vibraccord.fr\/wp-content\/uploads\/2021\/08\/DSC5014-2048x1365.jpg 2048w\" sizes=\"auto, (max-width: 1024px) 100vw, 1024px\" \/><figcaption class=\"wp-element-caption\">Avec Melvin Dans Les Nuages<\/figcaption><\/figure>\n\n\n\n<figure class=\"wp-block-image size-large\"><img loading=\"lazy\" decoding=\"async\" width=\"1024\" height=\"683\" data-id=\"1707\" src=\"https:\/\/orchestre-vibraccord.fr\/wp-content\/uploads\/2021\/08\/DSC5091-1024x683.jpg\" alt=\"\" class=\"wp-image-1707\" srcset=\"https:\/\/orchestre-vibraccord.fr\/wp-content\/uploads\/2021\/08\/DSC5091-1024x683.jpg 1024w, https:\/\/orchestre-vibraccord.fr\/wp-content\/uploads\/2021\/08\/DSC5091-300x200.jpg 300w, https:\/\/orchestre-vibraccord.fr\/wp-content\/uploads\/2021\/08\/DSC5091-768x512.jpg 768w, https:\/\/orchestre-vibraccord.fr\/wp-content\/uploads\/2021\/08\/DSC5091-1536x1024.jpg 1536w, https:\/\/orchestre-vibraccord.fr\/wp-content\/uploads\/2021\/08\/DSC5091-2048x1365.jpg 2048w\" sizes=\"auto, (max-width: 1024px) 100vw, 1024px\" \/><\/figure>\n\n\n\n<figure class=\"wp-block-image size-large\"><img loading=\"lazy\" decoding=\"async\" width=\"1024\" height=\"683\" data-id=\"1732\" src=\"https:\/\/orchestre-vibraccord.fr\/wp-content\/uploads\/2021\/08\/DSC5072-1024x683.jpg\" alt=\"\" class=\"wp-image-1732\" srcset=\"https:\/\/orchestre-vibraccord.fr\/wp-content\/uploads\/2021\/08\/DSC5072-1024x683.jpg 1024w, https:\/\/orchestre-vibraccord.fr\/wp-content\/uploads\/2021\/08\/DSC5072-300x200.jpg 300w, https:\/\/orchestre-vibraccord.fr\/wp-content\/uploads\/2021\/08\/DSC5072-768x512.jpg 768w, https:\/\/orchestre-vibraccord.fr\/wp-content\/uploads\/2021\/08\/DSC5072-1536x1024.jpg 1536w, https:\/\/orchestre-vibraccord.fr\/wp-content\/uploads\/2021\/08\/DSC5072-2048x1365.jpg 2048w\" sizes=\"auto, (max-width: 1024px) 100vw, 1024px\" \/><\/figure>\n\n\n\n<figure class=\"wp-block-image size-large\"><img loading=\"lazy\" decoding=\"async\" width=\"1024\" height=\"683\" data-id=\"1737\" src=\"https:\/\/orchestre-vibraccord.fr\/wp-content\/uploads\/2021\/08\/DSC4963-1-1024x683.jpg\" alt=\"\" class=\"wp-image-1737\" srcset=\"https:\/\/orchestre-vibraccord.fr\/wp-content\/uploads\/2021\/08\/DSC4963-1-1024x683.jpg 1024w, https:\/\/orchestre-vibraccord.fr\/wp-content\/uploads\/2021\/08\/DSC4963-1-300x200.jpg 300w, https:\/\/orchestre-vibraccord.fr\/wp-content\/uploads\/2021\/08\/DSC4963-1-768x512.jpg 768w, https:\/\/orchestre-vibraccord.fr\/wp-content\/uploads\/2021\/08\/DSC4963-1-1536x1024.jpg 1536w, https:\/\/orchestre-vibraccord.fr\/wp-content\/uploads\/2021\/08\/DSC4963-1-2048x1365.jpg 2048w\" sizes=\"auto, (max-width: 1024px) 100vw, 1024px\" \/><\/figure>\n<\/figure>\n\n\n\n<hr class=\"wp-block-separator has-text-color has-css-opacity has-background is-style-wide\" style=\"background-color:#e2e2e2;color:#e2e2e2\"\/>\n","protected":false},"excerpt":{"rendered":"<p>Concerts organis\u00e9s au profit d&rsquo;oeuvres caritatives L&rsquo;association et l&rsquo;orchestre souhaitent participer \u00e0 l&rsquo;entraide et au lien social. Ainsi des concerts sont r\u00e9guli\u00e8rement donn\u00e9s dans l&rsquo;Ehpad qui nous accueille pour nos r\u00e9p\u00e9titions hebdomadaires, et des concerts pour des oeuvres caritatives 16 Avril 2025 Concert \u00e0 l&rsquo;APAJH 17 Avec les \u00e9l\u00e8ves de l&rsquo;\u00e9cole de musique 1001 notes [&hellip;]<\/p>\n","protected":false},"author":1,"featured_media":0,"parent":0,"menu_order":0,"comment_status":"open","ping_status":"closed","template":"","meta":{"om_disable_all_campaigns":false,"_monsterinsights_skip_tracking":false,"_monsterinsights_sitenote_active":false,"_monsterinsights_sitenote_note":"","_monsterinsights_sitenote_category":0,"site-sidebar-layout":"no-sidebar","site-content-layout":"plain-container","ast-site-content-layout":"normal-width-container","site-content-style":"unboxed","site-sidebar-style":"unboxed","ast-global-header-display":"","ast-banner-title-visibility":"","ast-main-header-display":"","ast-hfb-above-header-display":"","ast-hfb-below-header-display":"","ast-hfb-mobile-header-display":"","site-post-title":"disabled","ast-breadcrumbs-content":"disabled","ast-featured-img":"disabled","footer-sml-layout":"","ast-disable-related-posts":"","theme-transparent-header-meta":"enabled","adv-header-id-meta":"","stick-header-meta":"","header-above-stick-meta":"","header-main-stick-meta":"","header-below-stick-meta":"","astra-migrate-meta-layouts":"set","ast-page-background-enabled":"default","ast-page-background-meta":{"desktop":{"background-color":"","background-image":"","background-repeat":"repeat","background-position":"center center","background-size":"auto","background-attachment":"scroll","background-type":"","background-media":"","overlay-type":"","overlay-color":"","overlay-opacity":"","overlay-gradient":""},"tablet":{"background-color":"","background-image":"","background-repeat":"repeat","background-position":"center center","background-size":"auto","background-attachment":"scroll","background-type":"","background-media":"","overlay-type":"","overlay-color":"","overlay-opacity":"","overlay-gradient":""},"mobile":{"background-color":"","background-image":"","background-repeat":"repeat","background-position":"center center","background-size":"auto","background-attachment":"scroll","background-type":"","background-media":"","overlay-type":"","overlay-color":"","overlay-opacity":"","overlay-gradient":""}},"ast-content-background-meta":{"desktop":{"background-color":"var(--ast-global-color-5)","background-image":"","background-repeat":"repeat","background-position":"center center","background-size":"auto","background-attachment":"scroll","background-type":"","background-media":"","overlay-type":"","overlay-color":"","overlay-opacity":"","overlay-gradient":""},"tablet":{"background-color":"var(--ast-global-color-5)","background-image":"","background-repeat":"repeat","background-position":"center center","background-size":"auto","background-attachment":"scroll","background-type":"","background-media":"","overlay-type":"","overlay-color":"","overlay-opacity":"","overlay-gradient":""},"mobile":{"background-color":"var(--ast-global-color-5)","background-image":"","background-repeat":"repeat","background-position":"center center","background-size":"auto","background-attachment":"scroll","background-type":"","background-media":"","overlay-type":"","overlay-color":"","overlay-opacity":"","overlay-gradient":""}},"footnotes":""},"class_list":["post-1541","page","type-page","status-publish","hentry"],"aioseo_notices":[],"_links":{"self":[{"href":"https:\/\/orchestre-vibraccord.fr\/index.php?rest_route=\/wp\/v2\/pages\/1541","targetHints":{"allow":["GET"]}}],"collection":[{"href":"https:\/\/orchestre-vibraccord.fr\/index.php?rest_route=\/wp\/v2\/pages"}],"about":[{"href":"https:\/\/orchestre-vibraccord.fr\/index.php?rest_route=\/wp\/v2\/types\/page"}],"author":[{"embeddable":true,"href":"https:\/\/orchestre-vibraccord.fr\/index.php?rest_route=\/wp\/v2\/users\/1"}],"replies":[{"embeddable":true,"href":"https:\/\/orchestre-vibraccord.fr\/index.php?rest_route=%2Fwp%2Fv2%2Fcomments&post=1541"}],"version-history":[{"count":8,"href":"https:\/\/orchestre-vibraccord.fr\/index.php?rest_route=\/wp\/v2\/pages\/1541\/revisions"}],"predecessor-version":[{"id":2508,"href":"https:\/\/orchestre-vibraccord.fr\/index.php?rest_route=\/wp\/v2\/pages\/1541\/revisions\/2508"}],"wp:attachment":[{"href":"https:\/\/orchestre-vibraccord.fr\/index.php?rest_route=%2Fwp%2Fv2%2Fmedia&parent=1541"}],"curies":[{"name":"wp","href":"https:\/\/api.w.org\/{rel}","templated":true}]}}