{"id":1503,"date":"2021-06-20T05:45:45","date_gmt":"2021-06-20T05:45:45","guid":{"rendered":"http:\/\/orchestre-vibraccord.fr\/?page_id=1503"},"modified":"2025-09-29T12:25:31","modified_gmt":"2025-09-29T12:25:31","slug":"home","status":"publish","type":"page","link":"https:\/\/orchestre-vibraccord.fr\/","title":{"rendered":"Accueil"},"content":{"rendered":"\n<div class=\"wp-block-cover alignwide\" style=\"min-height:775px;aspect-ratio:unset;\"><img loading=\"lazy\" decoding=\"async\" width=\"2560\" height=\"1620\" class=\"wp-block-cover__image-background wp-image-2391\" alt=\"\" src=\"http:\/\/orchestre-vibraccord.fr\/wp-content\/uploads\/2024\/08\/2024-vibraccord-Notre-Dame-LR31-scaled.jpg\" data-object-fit=\"cover\" srcset=\"https:\/\/orchestre-vibraccord.fr\/wp-content\/uploads\/2024\/08\/2024-vibraccord-Notre-Dame-LR31-scaled.jpg 2560w, https:\/\/orchestre-vibraccord.fr\/wp-content\/uploads\/2024\/08\/2024-vibraccord-Notre-Dame-LR31-300x190.jpg 300w, https:\/\/orchestre-vibraccord.fr\/wp-content\/uploads\/2024\/08\/2024-vibraccord-Notre-Dame-LR31-1024x648.jpg 1024w, https:\/\/orchestre-vibraccord.fr\/wp-content\/uploads\/2024\/08\/2024-vibraccord-Notre-Dame-LR31-768x486.jpg 768w, https:\/\/orchestre-vibraccord.fr\/wp-content\/uploads\/2024\/08\/2024-vibraccord-Notre-Dame-LR31-1536x972.jpg 1536w, https:\/\/orchestre-vibraccord.fr\/wp-content\/uploads\/2024\/08\/2024-vibraccord-Notre-Dame-LR31-2048x1296.jpg 2048w\" sizes=\"auto, (max-width: 2560px) 100vw, 2560px\" \/><span aria-hidden=\"true\" class=\"wp-block-cover__background has-background-dim-0 has-background-dim\" style=\"background-color:#3e3e61\"><\/span><div class=\"wp-block-cover__inner-container is-layout-flow wp-block-cover-is-layout-flow\">\n<div class=\"wp-block-columns is-layout-flex wp-container-core-columns-is-layout-28f84493 wp-block-columns-is-layout-flex\">\n<div class=\"wp-block-column is-vertically-aligned-top is-layout-flow wp-block-column-is-layout-flow\" style=\"flex-basis:800px\">\n<p><\/p>\n\n\n\n<p><\/p>\n\n\n\n<h1 class=\"wp-block-heading alignfull has-text-align-left has-text-color\" style=\"color:#ffffff\">Orchestre \u00e0 cordes Projets symphoniques Musique de chambre<\/h1>\n\n\n\n<p><\/p>\n\n\n\n<h2 class=\"wp-block-heading\"><\/h2>\n\n\n\n<h2 class=\"wp-block-heading\"><\/h2>\n\n\n\n<p><\/p>\n\n\n\n<div class=\"wp-block-buttons is-layout-flex wp-block-buttons-is-layout-flex\">\n<div class=\"wp-block-button is-style-outline is-style-outline--1\" id=\"page-accueil\"><a class=\"wp-block-button__link has-vivid-red-background-color has-text-color has-background wp-element-button\" href=\"https:\/\/orchestre-vibraccord.fr\/?page_id=1526\" style=\"color:#ffffff\">D\u00e9couvrir<\/a><\/div>\n<\/div>\n\n\n\n<h5 class=\"wp-block-heading has-text-color\" style=\"color:#ffffff\">Concerts-spectacles et partages vivants<\/h5>\n\n\n\n<p class=\"has-text-color\" style=\"color:#e2e2e2\">Pour les musiciens amateurs de la communaut\u00e9 d&rsquo;Agglom\u00e9ration de La Rochelle<\/p>\n\n\n\n<p><\/p>\n<\/div>\n<\/div>\n<\/div><\/div>\n\n\n\n<div class=\"wp-block-group alignfull is-layout-flow wp-block-group-is-layout-flow\">\n<h1 class=\"wp-block-heading has-text-align-center\">Vibr&rsquo;Accord<\/h1>\n\n\n\n<h2 class=\"wp-block-heading has-text-align-center\" style=\"font-size:66px\">Orchestre \u00e0 cordes et symphonique<\/h2>\n\n\n\n<h3 class=\"wp-block-heading has-text-align-center has-text-color\" style=\"color:#981e25\">Projets avec choeurs-Stages-Concerts-Spectacles solidaires<\/h3>\n\n\n\n<div style=\"height:36px\" aria-hidden=\"true\" class=\"wp-block-spacer\"><\/div>\n<\/div>\n\n\n\n<div class=\"wp-block-group alignfull is-layout-flow wp-block-group-is-layout-flow\">\n<div class=\"wp-block-media-text alignwide is-stacked-on-mobile\" style=\"grid-template-columns:29% auto\"><figure class=\"wp-block-media-text__media\"><img loading=\"lazy\" decoding=\"async\" width=\"724\" height=\"1024\" src=\"https:\/\/orchestre-vibraccord.fr\/wp-content\/uploads\/2025\/09\/Affiche-chorale-septembre-2025-2-724x1024.jpg\" alt=\"\" class=\"wp-image-2487 size-full\" srcset=\"https:\/\/orchestre-vibraccord.fr\/wp-content\/uploads\/2025\/09\/Affiche-chorale-septembre-2025-2-724x1024.jpg 724w, https:\/\/orchestre-vibraccord.fr\/wp-content\/uploads\/2025\/09\/Affiche-chorale-septembre-2025-2-212x300.jpg 212w, https:\/\/orchestre-vibraccord.fr\/wp-content\/uploads\/2025\/09\/Affiche-chorale-septembre-2025-2-768x1086.jpg 768w, https:\/\/orchestre-vibraccord.fr\/wp-content\/uploads\/2025\/09\/Affiche-chorale-septembre-2025-2-1086x1536.jpg 1086w, https:\/\/orchestre-vibraccord.fr\/wp-content\/uploads\/2025\/09\/Affiche-chorale-septembre-2025-2.jpg 1414w\" sizes=\"auto, (max-width: 724px) 100vw, 724px\" \/><\/figure><div class=\"wp-block-media-text__content\">\n<h3 class=\"wp-block-heading\">Nouveau: vous souhaitez chanter avec l&rsquo;orchestre?<\/h3>\n\n\n\n<p><strong>Venez vous inscrire au choeur 1001 notes qui r\u00e9p\u00e8te le jeudi de 19h \u00e0 20h \u00e0 la Tourtill\u00e8re \u00e0 Puilboreau<\/strong><\/p>\n\n\n\n<p>Il n&rsquo;est pas n\u00e9cessaire de savoir lire la musique pour participer, ouvert \u00e0 tous, tous les \u00e2ges (tarif bleu pratique collective 1h)<\/p>\n\n\n\n<div class=\"wp-block-buttons is-layout-flex wp-block-buttons-is-layout-flex\">\n<div class=\"wp-block-button\"><a class=\"wp-block-button__link wp-element-button\" href=\"https:\/\/www.milleetunenotes.com\/\">RENSEIGNEMENTS Inscriptions Au choeur<\/a><\/div>\n<\/div>\n<\/div><\/div>\n\n\n\n<div style=\"height:100px\" aria-hidden=\"true\" class=\"wp-block-spacer\"><\/div>\n\n\n\n<div class=\"wp-block-columns alignwide is-layout-flex wp-container-core-columns-is-layout-28f84493 wp-block-columns-is-layout-flex\">\n<div class=\"wp-block-column is-vertically-aligned-top is-layout-flow wp-block-column-is-layout-flow\">\n<h2 class=\"wp-block-heading\"><strong>Orchestre \u00e0 cordes-symphonique-musique de chambre<\/strong><\/h2>\n\n\n\n<h2 class=\"wp-block-heading\"> Orchestre \u00e0 cordes <\/h2>\n\n\n\n<h4 class=\"wp-block-heading\">Accessible d\u00e8s 3 ann\u00e9es d&rsquo;instrument<\/h4>\n<\/div>\n<\/div>\n\n\n\n<div class=\"wp-block-media-text alignwide is-stacked-on-mobile\" style=\"grid-template-columns:63% auto\"><figure class=\"wp-block-media-text__media\"><img loading=\"lazy\" decoding=\"async\" width=\"1024\" height=\"576\" src=\"http:\/\/orchestre-vibraccord.fr\/wp-content\/uploads\/2021\/08\/20190320_1844091-1024x576.jpg\" alt=\"R\u00e9p\u00e9tition de l'orchestre dans la salle de l'Ehpad du domaine Rieu Coudreau \u00e0 Dompierre sur mer\" class=\"wp-image-1710 size-full\" srcset=\"https:\/\/orchestre-vibraccord.fr\/wp-content\/uploads\/2021\/08\/20190320_1844091-1024x576.jpg 1024w, https:\/\/orchestre-vibraccord.fr\/wp-content\/uploads\/2021\/08\/20190320_1844091-300x169.jpg 300w, https:\/\/orchestre-vibraccord.fr\/wp-content\/uploads\/2021\/08\/20190320_1844091-768x432.jpg 768w, https:\/\/orchestre-vibraccord.fr\/wp-content\/uploads\/2021\/08\/20190320_1844091-1536x864.jpg 1536w, https:\/\/orchestre-vibraccord.fr\/wp-content\/uploads\/2021\/08\/20190320_1844091.jpg 1920w\" sizes=\"auto, (max-width: 1024px) 100vw, 1024px\" \/><\/figure><div class=\"wp-block-media-text__content\">\n<h3 class=\"wp-block-heading\">L&rsquo;orchestre r\u00e9p\u00e8te tous les mercredis de 18h30 \u00e0 20h15 \u00e0 l&rsquo;Ehpad du domaine Rieux Coudreau 7 rue Sainte C\u00e9cile 17189 Dompierre<\/h3>\n\n\n\n<p> <strong>Il se produit en concert r\u00e9guli\u00e8rement pour pr\u00e9senter son r\u00e9pertoire cordes et harpe. <\/strong><\/p>\n\n\n\n<p><strong>Les r\u00e9p\u00e9titions ont lieu toutes les semaines, ou une semaine sur deux selon le choix d&rsquo;inscription.<\/strong><\/p>\n\n\n\n<p><strong>Des voix faciles sont adapt\u00e9es pour les musiciens plus d\u00e9butants afin qu&rsquo;ils puissent jouer avec les autres.<\/strong><\/p>\n\n\n\n<p>Les instrumentistes \u00e0 vents peuvent nous rejoindre entre avril et juin pour le programme symphonique<\/p>\n<\/div><\/div>\n\n\n\n<div style=\"height:100px\" aria-hidden=\"true\" class=\"wp-block-spacer\"><\/div>\n\n\n\n<div class=\"wp-block-buttons is-horizontal is-content-justification-center is-layout-flex wp-container-core-buttons-is-layout-03627597 wp-block-buttons-is-layout-flex\">\n<div class=\"wp-block-button\"><a class=\"wp-block-button__link wp-element-button\" href=\"https:\/\/www.google.fr\/maps\/dir\/\/EHPAD+DU+DOMAINE+RIEUX+COUDREAU,+7+Rue+Sainte-C%C3%A9cile,+17139+Dompierre-sur-Mer\/@46.1902098,-1.0785298,17z\/data=!3m1!4b1!4m8!4m7!1m0!1m5!1m1!1s0x48014d3bee048199:0x2a467a4a4ce2ee62!2m2!1d-1.0763745!2d46.1902223\">Voir le lieu de r\u00e9p\u00e9tition<\/a><\/div>\n\n\n\n<div class=\"wp-block-button\"><a class=\"wp-block-button__link wp-element-button\" href=\"https:\/\/orchestre-vibraccord.fr\/?page_id=1547#fiche\">Fiche d&rsquo;inscription<\/a><\/div>\n<\/div>\n\n\n\n<h2 class=\"wp-block-heading\">Musique de chambre<\/h2>\n\n\n\n<div class=\"wp-block-media-text alignwide is-stacked-on-mobile\" style=\"grid-template-columns:63% auto\"><figure class=\"wp-block-media-text__media\"><img loading=\"lazy\" decoding=\"async\" width=\"1024\" height=\"683\" src=\"http:\/\/orchestre-vibraccord.fr\/wp-content\/uploads\/2021\/08\/DSC5087-1024x683.jpg\" alt=\"\" class=\"wp-image-1801 size-full\" srcset=\"https:\/\/orchestre-vibraccord.fr\/wp-content\/uploads\/2021\/08\/DSC5087-1024x683.jpg 1024w, https:\/\/orchestre-vibraccord.fr\/wp-content\/uploads\/2021\/08\/DSC5087-300x200.jpg 300w, https:\/\/orchestre-vibraccord.fr\/wp-content\/uploads\/2021\/08\/DSC5087-768x512.jpg 768w, https:\/\/orchestre-vibraccord.fr\/wp-content\/uploads\/2021\/08\/DSC5087-1536x1024.jpg 1536w, https:\/\/orchestre-vibraccord.fr\/wp-content\/uploads\/2021\/08\/DSC5087-2048x1365.jpg 2048w\" sizes=\"auto, (max-width: 1024px) 100vw, 1024px\" \/><\/figure><div class=\"wp-block-media-text__content\">\n<div class=\"wp-block-group is-layout-flow wp-block-group-is-layout-flow\">\n<h3 class=\"wp-block-heading\">La musique de chambre, trio, quatuor, quintette&#8230; est propos\u00e9e avec deux r\u00e9p\u00e9titions par mois. <\/h3>\n\n\n\n<p><strong>Les groupes sont form\u00e9s selon les personnes inscrites, et les heures de r\u00e9p\u00e9titions d\u00e9termin\u00e9es selon leur emploi du temps<\/strong><\/p>\n<\/div>\n<\/div><\/div>\n\n\n\n<p><\/p>\n\n\n\n<h2 class=\"wp-block-heading\">Orchestre symphonique<\/h2>\n\n\n\n<div class=\"wp-block-media-text alignwide is-stacked-on-mobile\" style=\"grid-template-columns:63% auto\"><figure class=\"wp-block-media-text__media\"><img loading=\"lazy\" decoding=\"async\" width=\"1024\" height=\"683\" src=\"http:\/\/orchestre-vibraccord.fr\/wp-content\/uploads\/2021\/08\/DSC5008-1024x683.jpg\" alt=\"timbales et partitions\" class=\"wp-image-1705 size-full\" srcset=\"https:\/\/orchestre-vibraccord.fr\/wp-content\/uploads\/2021\/08\/DSC5008-1024x683.jpg 1024w, https:\/\/orchestre-vibraccord.fr\/wp-content\/uploads\/2021\/08\/DSC5008-300x200.jpg 300w, https:\/\/orchestre-vibraccord.fr\/wp-content\/uploads\/2021\/08\/DSC5008-768x512.jpg 768w, https:\/\/orchestre-vibraccord.fr\/wp-content\/uploads\/2021\/08\/DSC5008-1536x1024.jpg 1536w, https:\/\/orchestre-vibraccord.fr\/wp-content\/uploads\/2021\/08\/DSC5008-2048x1365.jpg 2048w\" sizes=\"auto, (max-width: 1024px) 100vw, 1024px\" \/><\/figure><div class=\"wp-block-media-text__content\">\n<h3 class=\"wp-block-heading\">Un r\u00e9pertoire et des concerts en orchestre symphonique sont pr\u00e9vus chaque ann\u00e9e, Les instrumentistes \u00e0 vent peuvent participer aux r\u00e9p\u00e9titions tous les premiers mercredis du mois (niveau fin de 2\u00e8me cycle conseill\u00e9)<\/h3>\n<\/div><\/div>\n\n\n\n<div style=\"height:100px\" aria-hidden=\"true\" class=\"wp-block-spacer\"><\/div>\n\n\n\n<h2 class=\"wp-block-heading\">Concerts-spectacles<\/h2>\n\n\n\n<div class=\"wp-block-media-text alignwide is-stacked-on-mobile\" style=\"grid-template-columns:63% auto\"><figure class=\"wp-block-media-text__media\"><img loading=\"lazy\" decoding=\"async\" width=\"1024\" height=\"683\" src=\"http:\/\/orchestre-vibraccord.fr\/wp-content\/uploads\/2021\/08\/DSC4983-1024x683.jpg\" alt=\"Concert de l'orchestre Vib'Accord et de l'OSVS salle de l'Eden\" class=\"wp-image-1704 size-full\" srcset=\"https:\/\/orchestre-vibraccord.fr\/wp-content\/uploads\/2021\/08\/DSC4983-1024x683.jpg 1024w, https:\/\/orchestre-vibraccord.fr\/wp-content\/uploads\/2021\/08\/DSC4983-300x200.jpg 300w, https:\/\/orchestre-vibraccord.fr\/wp-content\/uploads\/2021\/08\/DSC4983-768x512.jpg 768w, https:\/\/orchestre-vibraccord.fr\/wp-content\/uploads\/2021\/08\/DSC4983-1536x1024.jpg 1536w, https:\/\/orchestre-vibraccord.fr\/wp-content\/uploads\/2021\/08\/DSC4983-2048x1365.jpg 2048w\" sizes=\"auto, (max-width: 1024px) 100vw, 1024px\" \/><\/figure><div class=\"wp-block-media-text__content\">\n<h3 class=\"wp-block-heading\">Des concerts dans des \u00e9glises et dans des salles de spectacle, des concerts solidaires au profit d&rsquo;oeuvres caritatives<\/h3>\n<\/div><\/div>\n\n\n\n<p><\/p>\n\n\n\n<h2 class=\"wp-block-heading\">Rencontres d&rsquo;orchestres <\/h2>\n\n\n\n<div class=\"wp-block-media-text alignwide is-stacked-on-mobile\" style=\"grid-template-columns:63% auto\"><figure class=\"wp-block-media-text__media\"><img loading=\"lazy\" decoding=\"async\" width=\"1024\" height=\"683\" src=\"http:\/\/orchestre-vibraccord.fr\/wp-content\/uploads\/2021\/08\/DSC02527-1024x683.jpg\" alt=\"Eglise notre Dame de La Rochelle, concert de l'orchestre Vibr'Accord avec l'OSVS\" class=\"wp-image-1698 size-full\" srcset=\"https:\/\/orchestre-vibraccord.fr\/wp-content\/uploads\/2021\/08\/DSC02527-1024x683.jpg 1024w, https:\/\/orchestre-vibraccord.fr\/wp-content\/uploads\/2021\/08\/DSC02527-300x200.jpg 300w, https:\/\/orchestre-vibraccord.fr\/wp-content\/uploads\/2021\/08\/DSC02527-768x512.jpg 768w, https:\/\/orchestre-vibraccord.fr\/wp-content\/uploads\/2021\/08\/DSC02527-1536x1024.jpg 1536w, https:\/\/orchestre-vibraccord.fr\/wp-content\/uploads\/2021\/08\/DSC02527-2048x1365.jpg 2048w\" sizes=\"auto, (max-width: 1024px) 100vw, 1024px\" \/><\/figure><div class=\"wp-block-media-text__content\">\n<h3 class=\"wp-block-heading\">Des \u00e9changes et rencontres avec d&rsquo;autres orchestres ou d&rsquo;autres ensembles<\/h3>\n\n\n\n<p><\/p>\n<\/div><\/div>\n\n\n\n<h2 class=\"wp-block-heading\">Stages d&rsquo;orchestre<\/h2>\n\n\n\n<div class=\"wp-block-media-text alignwide is-stacked-on-mobile\" style=\"grid-template-columns:63% auto\"><figure class=\"wp-block-media-text__media\"><img loading=\"lazy\" decoding=\"async\" width=\"1024\" height=\"683\" src=\"http:\/\/orchestre-vibraccord.fr\/wp-content\/uploads\/2021\/08\/DSC02434-1024x683.jpg\" alt=\"orchestre qui r\u00e9p\u00e8te \u00e0 l'ile de r\u00e9\" class=\"wp-image-1701 size-full\" srcset=\"https:\/\/orchestre-vibraccord.fr\/wp-content\/uploads\/2021\/08\/DSC02434-1024x683.jpg 1024w, https:\/\/orchestre-vibraccord.fr\/wp-content\/uploads\/2021\/08\/DSC02434-300x200.jpg 300w, https:\/\/orchestre-vibraccord.fr\/wp-content\/uploads\/2021\/08\/DSC02434-768x512.jpg 768w, https:\/\/orchestre-vibraccord.fr\/wp-content\/uploads\/2021\/08\/DSC02434-1536x1024.jpg 1536w, https:\/\/orchestre-vibraccord.fr\/wp-content\/uploads\/2021\/08\/DSC02434-2048x1365.jpg 2048w\" sizes=\"auto, (max-width: 1024px) 100vw, 1024px\" \/><\/figure><div class=\"wp-block-media-text__content\">\n<h3 class=\"wp-block-heading\">Organisation de stages et de r\u00e9p\u00e9titions en petits groupes <\/h3>\n<\/div><\/div>\n\n\n\n<h2 class=\"wp-block-heading\">Diff\u00e9rents styles de musique<\/h2>\n\n\n\n<div class=\"wp-block-media-text alignwide is-stacked-on-mobile\" style=\"grid-template-columns:63% auto\"><figure class=\"wp-block-media-text__media\"><img loading=\"lazy\" decoding=\"async\" width=\"1024\" height=\"683\" src=\"http:\/\/orchestre-vibraccord.fr\/wp-content\/uploads\/2021\/08\/DSC5014-1024x683.jpg\" alt=\"Melvin dans les nuages chante avec l'OSVS et l'orchestre Vibr'Accord\" class=\"wp-image-1702 size-full\" srcset=\"https:\/\/orchestre-vibraccord.fr\/wp-content\/uploads\/2021\/08\/DSC5014-1024x683.jpg 1024w, https:\/\/orchestre-vibraccord.fr\/wp-content\/uploads\/2021\/08\/DSC5014-300x200.jpg 300w, https:\/\/orchestre-vibraccord.fr\/wp-content\/uploads\/2021\/08\/DSC5014-768x512.jpg 768w, https:\/\/orchestre-vibraccord.fr\/wp-content\/uploads\/2021\/08\/DSC5014-1536x1024.jpg 1536w, https:\/\/orchestre-vibraccord.fr\/wp-content\/uploads\/2021\/08\/DSC5014-2048x1365.jpg 2048w\" sizes=\"auto, (max-width: 1024px) 100vw, 1024px\" \/><\/figure><div class=\"wp-block-media-text__content\">\n<h3 class=\"wp-block-heading\">Musique classique, baroque, romantique, oeuvres lyriques, musique de film, com\u00e9die musicale, vari\u00e9t\u00e9, chanson, cr\u00e9ations&#8230;<\/h3>\n\n\n\n<p><\/p>\n<\/div><\/div>\n\n\n\n<div class=\"wp-block-buttons is-horizontal is-content-justification-center is-layout-flex wp-container-core-buttons-is-layout-03627597 wp-block-buttons-is-layout-flex\">\n<div class=\"wp-block-button\"><a class=\"wp-block-button__link wp-element-button\" href=\"https:\/\/www.helloasso.com\/associations\/vibr-accord\/formulaires\/1\/widget\">Faire un don en ligne<\/a><\/div>\n\n\n\n<div class=\"wp-block-button\"><a class=\"wp-block-button__link wp-element-button\" href=\"https:\/\/orchestre-vibraccord.fr\/?page_id=1547\">Faire un don par cheque<\/a><\/div>\n<\/div>\n\n\n\n<div style=\"height:100px\" aria-hidden=\"true\" class=\"wp-block-spacer\"><\/div>\n\n\n\n<div class=\"wp-block-buttons is-horizontal is-content-justification-center is-layout-flex wp-container-core-buttons-is-layout-03627597 wp-block-buttons-is-layout-flex\">\n<div class=\"wp-block-button is-style-fill\"><a class=\"wp-block-button__link wp-element-button\" href=\"https:\/\/orchestre-vibraccord.fr\/?page_id=1526\">En savoir plus<\/a><\/div>\n<\/div>\n\n\n\n<div class=\"wp-block-group is-layout-flow wp-block-group-is-layout-flow\">\n<h5 class=\"wp-block-heading has-text-align-center has-text-color\" style=\"color:#981e25\">Association Vibr&rsquo;Accord &#8211; orchestre et musique de chambre<\/h5>\n<\/div>\n\n\n\n<h2 class=\"wp-block-heading\">Partenaires:<\/h2>\n\n\n\n<p><\/p>\n\n\n\n<figure class=\"wp-block-gallery has-nested-images columns-5 wp-block-gallery-2 is-layout-flex wp-block-gallery-is-layout-flex\">\n<figure class=\"wp-block-image size-large\"><img loading=\"lazy\" decoding=\"async\" width=\"216\" height=\"282\" data-id=\"2018\" src=\"http:\/\/orchestre-vibraccord.fr\/wp-content\/uploads\/2022\/01\/gif_charente-maritime-logo-2.gif\" alt=\"\" class=\"wp-image-2018\"\/><\/figure>\n\n\n\n<figure class=\"wp-block-image size-large\"><img loading=\"lazy\" decoding=\"async\" width=\"1024\" height=\"380\" data-id=\"2010\" src=\"http:\/\/orchestre-vibraccord.fr\/wp-content\/uploads\/2022\/01\/logo-agora-rgb-1024x380.png\" alt=\"\" class=\"wp-image-2010\" srcset=\"https:\/\/orchestre-vibraccord.fr\/wp-content\/uploads\/2022\/01\/logo-agora-rgb-1024x380.png 1024w, https:\/\/orchestre-vibraccord.fr\/wp-content\/uploads\/2022\/01\/logo-agora-rgb-300x111.png 300w, https:\/\/orchestre-vibraccord.fr\/wp-content\/uploads\/2022\/01\/logo-agora-rgb-768x285.png 768w, https:\/\/orchestre-vibraccord.fr\/wp-content\/uploads\/2022\/01\/logo-agora-rgb.png 1500w\" sizes=\"auto, (max-width: 1024px) 100vw, 1024px\" \/><\/figure>\n\n\n\n<figure class=\"wp-block-image size-large\"><img loading=\"lazy\" decoding=\"async\" width=\"212\" height=\"343\" data-id=\"2013\" src=\"http:\/\/orchestre-vibraccord.fr\/wp-content\/uploads\/2022\/01\/Blason-Marsilly-2.png\" alt=\"\" class=\"wp-image-2013\" srcset=\"https:\/\/orchestre-vibraccord.fr\/wp-content\/uploads\/2022\/01\/Blason-Marsilly-2.png 212w, https:\/\/orchestre-vibraccord.fr\/wp-content\/uploads\/2022\/01\/Blason-Marsilly-2-185x300.png 185w\" sizes=\"auto, (max-width: 212px) 100vw, 212px\" \/><\/figure>\n\n\n\n<figure class=\"wp-block-image size-large\"><img loading=\"lazy\" decoding=\"async\" width=\"1024\" height=\"971\" data-id=\"2011\" src=\"http:\/\/orchestre-vibraccord.fr\/wp-content\/uploads\/2022\/01\/Ptit-Marsellois-1024x971.png\" alt=\"\" class=\"wp-image-2011\" srcset=\"https:\/\/orchestre-vibraccord.fr\/wp-content\/uploads\/2022\/01\/Ptit-Marsellois-1024x971.png 1024w, https:\/\/orchestre-vibraccord.fr\/wp-content\/uploads\/2022\/01\/Ptit-Marsellois-300x284.png 300w, https:\/\/orchestre-vibraccord.fr\/wp-content\/uploads\/2022\/01\/Ptit-Marsellois-768x728.png 768w, https:\/\/orchestre-vibraccord.fr\/wp-content\/uploads\/2022\/01\/Ptit-Marsellois.png 1080w\" sizes=\"auto, (max-width: 1024px) 100vw, 1024px\" \/><\/figure>\n\n\n\n<figure class=\"wp-block-image size-large\"><img loading=\"lazy\" decoding=\"async\" width=\"755\" height=\"1024\" data-id=\"2014\" src=\"http:\/\/orchestre-vibraccord.fr\/wp-content\/uploads\/2022\/01\/Logo-bas-deau-755x1024.jpg\" alt=\"\" class=\"wp-image-2014\" srcset=\"https:\/\/orchestre-vibraccord.fr\/wp-content\/uploads\/2022\/01\/Logo-bas-deau-755x1024.jpg 755w, https:\/\/orchestre-vibraccord.fr\/wp-content\/uploads\/2022\/01\/Logo-bas-deau-221x300.jpg 221w, https:\/\/orchestre-vibraccord.fr\/wp-content\/uploads\/2022\/01\/Logo-bas-deau-768x1042.jpg 768w, https:\/\/orchestre-vibraccord.fr\/wp-content\/uploads\/2022\/01\/Logo-bas-deau.jpg 884w\" sizes=\"auto, (max-width: 755px) 100vw, 755px\" \/><\/figure>\n<\/figure>\n\n\n\n<figure class=\"wp-block-gallery has-nested-images columns-5 wp-block-gallery-3 is-layout-flex wp-block-gallery-is-layout-flex\">\n<figure class=\"wp-block-image size-large\"><img loading=\"lazy\" decoding=\"async\" width=\"1024\" height=\"297\" data-id=\"2022\" src=\"http:\/\/orchestre-vibraccord.fr\/wp-content\/uploads\/2022\/01\/LOGO-ASSEM-17-HD-1024x297.jpg\" alt=\"Logo Assem17\" class=\"wp-image-2022\" srcset=\"https:\/\/orchestre-vibraccord.fr\/wp-content\/uploads\/2022\/01\/LOGO-ASSEM-17-HD-1024x297.jpg 1024w, https:\/\/orchestre-vibraccord.fr\/wp-content\/uploads\/2022\/01\/LOGO-ASSEM-17-HD-300x87.jpg 300w, https:\/\/orchestre-vibraccord.fr\/wp-content\/uploads\/2022\/01\/LOGO-ASSEM-17-HD-768x223.jpg 768w, https:\/\/orchestre-vibraccord.fr\/wp-content\/uploads\/2022\/01\/LOGO-ASSEM-17-HD-1536x445.jpg 1536w, https:\/\/orchestre-vibraccord.fr\/wp-content\/uploads\/2022\/01\/LOGO-ASSEM-17-HD-2048x594.jpg 2048w\" sizes=\"auto, (max-width: 1024px) 100vw, 1024px\" \/><\/figure>\n\n\n\n<figure class=\"wp-block-image size-large\"><img loading=\"lazy\" decoding=\"async\" width=\"412\" height=\"1024\" data-id=\"2012\" src=\"http:\/\/orchestre-vibraccord.fr\/wp-content\/uploads\/2022\/01\/SAINT-XANDRE-LOGO-JPG-2-412x1024.jpg\" alt=\"\" class=\"wp-image-2012\" srcset=\"https:\/\/orchestre-vibraccord.fr\/wp-content\/uploads\/2022\/01\/SAINT-XANDRE-LOGO-JPG-2-412x1024.jpg 412w, https:\/\/orchestre-vibraccord.fr\/wp-content\/uploads\/2022\/01\/SAINT-XANDRE-LOGO-JPG-2-121x300.jpg 121w, https:\/\/orchestre-vibraccord.fr\/wp-content\/uploads\/2022\/01\/SAINT-XANDRE-LOGO-JPG-2-768x1909.jpg 768w, https:\/\/orchestre-vibraccord.fr\/wp-content\/uploads\/2022\/01\/SAINT-XANDRE-LOGO-JPG-2-618x1536.jpg 618w, https:\/\/orchestre-vibraccord.fr\/wp-content\/uploads\/2022\/01\/SAINT-XANDRE-LOGO-JPG-2.jpg 774w\" sizes=\"auto, (max-width: 412px) 100vw, 412px\" \/><\/figure>\n\n\n\n<figure class=\"wp-block-image size-large\"><img loading=\"lazy\" decoding=\"async\" width=\"398\" height=\"450\" data-id=\"2026\" src=\"http:\/\/orchestre-vibraccord.fr\/wp-content\/uploads\/2022\/01\/logo_trema.png\" alt=\"\" class=\"wp-image-2026\" srcset=\"https:\/\/orchestre-vibraccord.fr\/wp-content\/uploads\/2022\/01\/logo_trema.png 398w, https:\/\/orchestre-vibraccord.fr\/wp-content\/uploads\/2022\/01\/logo_trema-265x300.png 265w\" sizes=\"auto, (max-width: 398px) 100vw, 398px\" \/><\/figure>\n\n\n\n<figure class=\"wp-block-image size-large\"><img loading=\"lazy\" decoding=\"async\" width=\"1024\" height=\"475\" data-id=\"2029\" src=\"http:\/\/orchestre-vibraccord.fr\/wp-content\/uploads\/2022\/01\/logo-Esprit-Presquile-1024x475.jpg\" alt=\"\" class=\"wp-image-2029\" srcset=\"https:\/\/orchestre-vibraccord.fr\/wp-content\/uploads\/2022\/01\/logo-Esprit-Presquile-1024x475.jpg 1024w, https:\/\/orchestre-vibraccord.fr\/wp-content\/uploads\/2022\/01\/logo-Esprit-Presquile-300x139.jpg 300w, https:\/\/orchestre-vibraccord.fr\/wp-content\/uploads\/2022\/01\/logo-Esprit-Presquile-768x356.jpg 768w, https:\/\/orchestre-vibraccord.fr\/wp-content\/uploads\/2022\/01\/logo-Esprit-Presquile.jpg 1158w\" sizes=\"auto, (max-width: 1024px) 100vw, 1024px\" \/><\/figure>\n\n\n\n<figure class=\"wp-block-image size-large\"><img decoding=\"async\" data-id=\"190\" src=\"http:\/\/orchestre-vibraccord.fr\/wp-content\/uploads\/2021\/03\/logo-5.svg\" alt=\"\" class=\"wp-image-190\"\/><\/figure>\n<\/figure>\n<\/div>\n","protected":false},"excerpt":{"rendered":"<p>Vibr&rsquo;Accord Orchestre \u00e0 cordes et symphonique Projets avec choeurs-Stages-Concerts-Spectacles solidaires Nouveau: vous souhaitez chanter avec l&rsquo;orchestre? Venez vous inscrire au choeur 1001 notes qui r\u00e9p\u00e8te le jeudi de 19h \u00e0 20h \u00e0 la Tourtill\u00e8re \u00e0 Puilboreau Il n&rsquo;est pas n\u00e9cessaire de savoir lire la musique pour participer, ouvert \u00e0 tous, tous les \u00e2ges (tarif bleu [&hellip;]<\/p>\n","protected":false},"author":1,"featured_media":0,"parent":0,"menu_order":0,"comment_status":"closed","ping_status":"closed","template":"","meta":{"om_disable_all_campaigns":false,"_monsterinsights_skip_tracking":false,"_monsterinsights_sitenote_active":false,"_monsterinsights_sitenote_note":"","_monsterinsights_sitenote_category":0,"site-sidebar-layout":"no-sidebar","site-content-layout":"plain-container","ast-site-content-layout":"normal-width-container","site-content-style":"unboxed","site-sidebar-style":"unboxed","ast-global-header-display":"","ast-banner-title-visibility":"","ast-main-header-display":"","ast-hfb-above-header-display":"","ast-hfb-below-header-display":"","ast-hfb-mobile-header-display":"","site-post-title":"disabled","ast-breadcrumbs-content":"disabled","ast-featured-img":"disabled","footer-sml-layout":"","ast-disable-related-posts":"","theme-transparent-header-meta":"enabled","adv-header-id-meta":"","stick-header-meta":"","header-above-stick-meta":"","header-main-stick-meta":"","header-below-stick-meta":"","astra-migrate-meta-layouts":"set","ast-page-background-enabled":"default","ast-page-background-meta":{"desktop":{"background-color":"","background-image":"","background-repeat":"repeat","background-position":"center center","background-size":"auto","background-attachment":"scroll","background-type":"","background-media":"","overlay-type":"","overlay-color":"","overlay-opacity":"","overlay-gradient":""},"tablet":{"background-color":"","background-image":"","background-repeat":"repeat","background-position":"center center","background-size":"auto","background-attachment":"scroll","background-type":"","background-media":"","overlay-type":"","overlay-color":"","overlay-opacity":"","overlay-gradient":""},"mobile":{"background-color":"","background-image":"","background-repeat":"repeat","background-position":"center center","background-size":"auto","background-attachment":"scroll","background-type":"","background-media":"","overlay-type":"","overlay-color":"","overlay-opacity":"","overlay-gradient":""}},"ast-content-background-meta":{"desktop":{"background-color":"var(--ast-global-color-5)","background-image":"","background-repeat":"repeat","background-position":"center center","background-size":"auto","background-attachment":"scroll","background-type":"","background-media":"","overlay-type":"","overlay-color":"","overlay-opacity":"","overlay-gradient":""},"tablet":{"background-color":"var(--ast-global-color-5)","background-image":"","background-repeat":"repeat","background-position":"center center","background-size":"auto","background-attachment":"scroll","background-type":"","background-media":"","overlay-type":"","overlay-color":"","overlay-opacity":"","overlay-gradient":""},"mobile":{"background-color":"var(--ast-global-color-5)","background-image":"","background-repeat":"repeat","background-position":"center center","background-size":"auto","background-attachment":"scroll","background-type":"","background-media":"","overlay-type":"","overlay-color":"","overlay-opacity":"","overlay-gradient":""}},"footnotes":""},"class_list":["post-1503","page","type-page","status-publish","hentry"],"aioseo_notices":[],"_links":{"self":[{"href":"https:\/\/orchestre-vibraccord.fr\/index.php?rest_route=\/wp\/v2\/pages\/1503","targetHints":{"allow":["GET"]}}],"collection":[{"href":"https:\/\/orchestre-vibraccord.fr\/index.php?rest_route=\/wp\/v2\/pages"}],"about":[{"href":"https:\/\/orchestre-vibraccord.fr\/index.php?rest_route=\/wp\/v2\/types\/page"}],"author":[{"embeddable":true,"href":"https:\/\/orchestre-vibraccord.fr\/index.php?rest_route=\/wp\/v2\/users\/1"}],"replies":[{"embeddable":true,"href":"https:\/\/orchestre-vibraccord.fr\/index.php?rest_route=%2Fwp%2Fv2%2Fcomments&post=1503"}],"version-history":[{"count":52,"href":"https:\/\/orchestre-vibraccord.fr\/index.php?rest_route=\/wp\/v2\/pages\/1503\/revisions"}],"predecessor-version":[{"id":2492,"href":"https:\/\/orchestre-vibraccord.fr\/index.php?rest_route=\/wp\/v2\/pages\/1503\/revisions\/2492"}],"wp:attachment":[{"href":"https:\/\/orchestre-vibraccord.fr\/index.php?rest_route=%2Fwp%2Fv2%2Fmedia&parent=1503"}],"curies":[{"name":"wp","href":"https:\/\/api.w.org\/{rel}","templated":true}]}}